{"id":1142,"date":"2025-02-17T21:10:17","date_gmt":"2025-02-17T20:10:17","guid":{"rendered":"https:\/\/atelier-green-concept.fr\/?page_id=1142"},"modified":"2025-02-19T12:01:59","modified_gmt":"2025-02-19T11:01:59","slug":"nos-prestations","status":"publish","type":"page","link":"https:\/\/atelier-green-concept.fr\/index.php\/nos-prestations\/","title":{"rendered":"Nos prestations"},"content":{"rendered":"<p>[et_pb_section fb_built=\u00a0\u00bb1&Prime; _builder_version=\u00a0\u00bb4.18.0&Prime; _module_preset=\u00a0\u00bbdefault\u00a0\u00bb background_image=\u00a0\u00bbhttps:\/\/atelier-green-concept.fr\/wp-content\/uploads\/2025\/02\/Design-sans-titre-12.png\u00a0\u00bb hover_enabled=\u00a0\u00bb0&Prime; global_colors_info=\u00a0\u00bb{}\u00a0\u00bb title_text=\u00a0\u00bbDesign sans titre (12)\u00a0\u00bb sticky_enabled=\u00a0\u00bb0&Prime;][et_pb_row custom_padding_last_edited=\u00a0\u00bbon|phone\u00a0\u00bb _builder_version=\u00a0\u00bb4.18.0&Prime; _module_preset=\u00a0\u00bbdefault\u00a0\u00bb custom_margin_tablet=\u00a0\u00bb\u00a0\u00bb custom_margin_phone=\u00a0\u00bb\u00a0\u00bb custom_margin_last_edited=\u00a0\u00bbon|phone\u00a0\u00bb custom_padding=\u00a0\u00bb196px||171px|||\u00a0\u00bb custom_padding_tablet=\u00a0\u00bb196px||171px|||\u00a0\u00bb custom_padding_phone=\u00a0\u00bb275px||106px||false|false\u00a0\u00bb hover_enabled=\u00a0\u00bb0&Prime; global_colors_info=\u00a0\u00bb{}\u00a0\u00bb custom_margin=\u00a0\u00bb60px||60px||true|false\u00a0\u00bb sticky_enabled=\u00a0\u00bb0&Prime;][et_pb_column type=\u00a0\u00bb4_4&Prime; _builder_version=\u00a0\u00bb4.18.0&Prime; _module_preset=\u00a0\u00bbdefault\u00a0\u00bb global_colors_info=\u00a0\u00bb{}\u00a0\u00bb][et_pb_text _builder_version=\u00a0\u00bb4.18.0&Prime; _module_preset=\u00a0\u00bbdefault\u00a0\u00bb text_font=\u00a0\u00bbAladin|700|||||||\u00a0\u00bb text_text_color=\u00a0\u00bb#FFFFFF\u00a0\u00bb text_font_size=\u00a0\u00bb82px\u00a0\u00bb text_letter_spacing=\u00a0\u00bb2px\u00a0\u00bb text_orientation=\u00a0\u00bbcenter\u00a0\u00bb custom_margin_tablet=\u00a0\u00bb\u00a0\u00bb custom_margin_phone=\u00a0\u00bb-175px||||false|false\u00a0\u00bb custom_margin_last_edited=\u00a0\u00bbon|phone\u00a0\u00bb hover_enabled=\u00a0\u00bb0&Prime; text_font_size_tablet=\u00a0\u00bb82px\u00a0\u00bb text_font_size_phone=\u00a0\u00bb62px\u00a0\u00bb text_font_size_last_edited=\u00a0\u00bbon|phone\u00a0\u00bb text_letter_spacing_tablet=\u00a0\u00bb2px\u00a0\u00bb text_letter_spacing_phone=\u00a0\u00bb2px\u00a0\u00bb text_letter_spacing_last_edited=\u00a0\u00bbon|phone\u00a0\u00bb text_line_height_tablet=\u00a0\u00bb\u00a0\u00bb text_line_height_phone=\u00a0\u00bb1em\u00a0\u00bb text_line_height_last_edited=\u00a0\u00bbon|phone\u00a0\u00bb header_font_size_tablet=\u00a0\u00bb\u00a0\u00bb header_font_size_phone=\u00a0\u00bb10px\u00a0\u00bb header_font_size_last_edited=\u00a0\u00bbon|phone\u00a0\u00bb global_colors_info=\u00a0\u00bb{}\u00a0\u00bb sticky_enabled=\u00a0\u00bb0&Prime;]<\/p>\n<p>Nos prestations<\/p>\n<p>[\/et_pb_text][\/et_pb_column][\/et_pb_row][\/et_pb_section][et_pb_section fb_built=\u00a0\u00bb1&Prime; module_id=\u00a0\u00bbcolorationvegetale\u00a0\u00bb _builder_version=\u00a0\u00bb4.18.0&Prime; _module_preset=\u00a0\u00bbdefault\u00a0\u00bb background_color=\u00a0\u00bb#F4E0D3&Prime; custom_padding=\u00a0\u00bb||0px|||\u00a0\u00bb global_colors_info=\u00a0\u00bb{}\u00a0\u00bb][et_pb_row column_structure=\u00a0\u00bb1_2,1_2&Prime; _builder_version=\u00a0\u00bb4.18.0&Prime; _module_preset=\u00a0\u00bbdefault\u00a0\u00bb custom_margin_tablet=\u00a0\u00bb\u00a0\u00bb custom_margin_phone=\u00a0\u00bb-42px||||false|false\u00a0\u00bb custom_margin_last_edited=\u00a0\u00bbon|phone\u00a0\u00bb custom_padding=\u00a0\u00bb38px|||||\u00a0\u00bb global_colors_info=\u00a0\u00bb{}\u00a0\u00bb][et_pb_column type=\u00a0\u00bb1_2&Prime; _builder_version=\u00a0\u00bb4.18.0&Prime; _module_preset=\u00a0\u00bbdefault\u00a0\u00bb global_colors_info=\u00a0\u00bb{}\u00a0\u00bb][et_pb_text content_tablet=\u00a0\u00bb<\/p>\n<h1 style=%22text-align: left;%22>La coloration v\u00e9g\u00e9tale<\/h1>\n<p>\u00a0\u00bb content_phone=\u00a0\u00bb<\/p>\n<h1 style=%22text-align: center;%22>La coloration v\u00e9g\u00e9tale<\/h1>\n<p>\u00a0\u00bb content_last_edited=\u00a0\u00bbon|phone\u00a0\u00bb disabled_on=\u00a0\u00bboff|off|off\u00a0\u00bb _builder_version=\u00a0\u00bb4.18.0&Prime; _module_preset=\u00a0\u00bbdefault\u00a0\u00bb text_font_size=\u00a0\u00bb38px\u00a0\u00bb header_font_size=\u00a0\u00bb57px\u00a0\u00bb custom_margin=\u00a0\u00bb-29px||15px|36px|false|false\u00a0\u00bb custom_margin_tablet=\u00a0\u00bb-29px||15px|36px|false|false\u00a0\u00bb custom_margin_phone=\u00a0\u00bb-6px||15px|0px|false|false\u00a0\u00bb custom_margin_last_edited=\u00a0\u00bbon|phone\u00a0\u00bb header_text_align_tablet=\u00a0\u00bb\u00a0\u00bb header_text_align_phone=\u00a0\u00bb\u00a0\u00bb header_text_align_last_edited=\u00a0\u00bbon|phone\u00a0\u00bb header_font_size_tablet=\u00a0\u00bb57px\u00a0\u00bb header_font_size_phone=\u00a0\u00bb42px\u00a0\u00bb header_font_size_last_edited=\u00a0\u00bbon|phone\u00a0\u00bb global_colors_info=\u00a0\u00bb{}\u00a0\u00bb]<\/p>\n<h1 style=\"text-align: left;\">La coloration v\u00e9g\u00e9tale<\/h1>\n<p>[\/et_pb_text][et_pb_image src=\u00a0\u00bbhttps:\/\/atelier-green-concept.fr\/wp-content\/uploads\/2025\/02\/Design-sans-titre-1.png\u00a0\u00bb alt=\u00a0\u00bbColoration v\u00e9g\u00e9tale\u00a0\u00bb title_text=\u00a0\u00bbColoration v\u00e9g\u00e9tale\u00a0\u00bb _builder_version=\u00a0\u00bb4.18.0&Prime; _module_preset=\u00a0\u00bbdefault\u00a0\u00bb custom_margin=\u00a0\u00bb|||0px|false|false\u00a0\u00bb custom_padding=\u00a0\u00bb|||0px|false|false\u00a0\u00bb global_colors_info=\u00a0\u00bb{}\u00a0\u00bb][\/et_pb_image][\/et_pb_column][et_pb_column type=\u00a0\u00bb1_2&Prime; _builder_version=\u00a0\u00bb4.18.0&Prime; _module_preset=\u00a0\u00bbdefault\u00a0\u00bb global_colors_info=\u00a0\u00bb{}\u00a0\u00bb][et_pb_text content_tablet=\u00a0\u00bb<\/p>\n<p data-start=%22129%22 data-end=%22275%22>D\u00e9couvrez la <strong data-start=%22142%22 data-end=%22165%22>coloration v\u00e9g\u00e9tale<\/strong>, une alternative 100% naturelle pour sublimer vos cheveux tout en respectant leur sant\u00e9 et l\u2019environnement.<\/p>\n<p data-start=%22277%22 data-end=%22686%22>Contrairement aux colorations chimiques, la coloration v\u00e9g\u00e9tale est compos\u00e9e exclusivement de <strong data-start=%22371%22 data-end=%22406%22>poudres de plantes tinctoriales<\/strong> et d\u2019eau. Ces plantes, issues de <strong data-start=%22440%22 data-end=%22488%22>racines, feuilles, pistils, baies ou p\u00e9tales<\/strong>, sont r\u00e9colt\u00e9es avec soin, s\u00e9ch\u00e9es au soleil, puis r\u00e9duites en une poudre ultra fine. Ce proc\u00e9d\u00e9 permet d\u2019obtenir un m\u00e9lange homog\u00e8ne, garantissant une application fluide et un r\u00e9sultat \u00e9clatant.<\/p>\n<p data-start=%22688%22 data-end=%22993%22>Parmi les plantes les plus connues, on retrouve le <strong data-start=%22739%22 data-end=%22760%22>henn\u00e9 et l\u2019indigo<\/strong>, mais il en existe bien d\u2019autres, chacune offrant des reflets uniques et naturels. Utilis\u00e9e depuis des si\u00e8cles pour teindre les cheveux et m\u00eame certains textiles, la coloration v\u00e9g\u00e9tale est un v\u00e9ritable rituel de beaut\u00e9 ancestral.<\/p>\n<p data-start=%22995%22 data-end=%221091%22><strong data-start=%22995%22 data-end=%221089%22>Adoptez la coloration v\u00e9g\u00e9tale et offrez \u00e0 vos cheveux un \u00e9clat naturel, tout en douceur !<\/strong><\/p>\n<p>\u00a0\u00bb content_phone=\u00a0\u00bb<\/p>\n<p data-start=%22129%22 data-end=%22275%22 style=%22text-align: center;%22>D\u00e9couvrez la <strong data-start=%22142%22 data-end=%22165%22>coloration v\u00e9g\u00e9tale<\/strong>, une alternative 100% naturelle pour sublimer vos cheveux tout en respectant leur sant\u00e9 et l\u2019environnement.<\/p>\n<p data-start=%22277%22 data-end=%22686%22 style=%22text-align: center;%22>Contrairement aux colorations chimiques, la coloration v\u00e9g\u00e9tale est compos\u00e9e exclusivement de <strong data-start=%22371%22 data-end=%22406%22>poudres de plantes tinctoriales<\/strong> et d\u2019eau. Ces plantes, issues de <strong data-start=%22440%22 data-end=%22488%22>racines, feuilles, pistils, baies ou p\u00e9tales<\/strong>, sont r\u00e9colt\u00e9es avec soin, s\u00e9ch\u00e9es au soleil, puis r\u00e9duites en une poudre ultra fine. Ce proc\u00e9d\u00e9 permet d\u2019obtenir un m\u00e9lange homog\u00e8ne, garantissant une application fluide et un r\u00e9sultat \u00e9clatant.<\/p>\n<p data-start=%22688%22 data-end=%22993%22 style=%22text-align: center;%22>Parmi les plantes les plus connues, on retrouve le <strong data-start=%22739%22 data-end=%22760%22>henn\u00e9 et l\u2019indigo<\/strong>, mais il en existe bien d\u2019autres, chacune offrant des reflets uniques et naturels. Utilis\u00e9e depuis des si\u00e8cles pour teindre les cheveux et m\u00eame certains textiles, la coloration v\u00e9g\u00e9tale est un v\u00e9ritable rituel de beaut\u00e9 ancestral.<\/p>\n<p data-start=%22995%22 data-end=%221091%22 style=%22text-align: center;%22><strong data-start=%22995%22 data-end=%221089%22>Adoptez la coloration v\u00e9g\u00e9tale et offrez \u00e0 vos cheveux un \u00e9clat naturel, tout en douceur !<\/strong><\/p>\n<p>\u00a0\u00bb content_last_edited=\u00a0\u00bbon|phone\u00a0\u00bb _builder_version=\u00a0\u00bb4.18.0&Prime; _module_preset=\u00a0\u00bbdefault\u00a0\u00bb custom_margin=\u00a0\u00bb144px|0px|||false|false\u00a0\u00bb custom_margin_tablet=\u00a0\u00bb144px|0px|||false|false\u00a0\u00bb custom_margin_phone=\u00a0\u00bb0px|0px|||false|false\u00a0\u00bb custom_margin_last_edited=\u00a0\u00bbon|phone\u00a0\u00bb custom_padding=\u00a0\u00bb||0px|||\u00a0\u00bb global_colors_info=\u00a0\u00bb{}\u00a0\u00bb]<\/p>\n<p data-start=\"129\" data-end=\"275\">D\u00e9couvrez la <strong data-start=\"142\" data-end=\"165\">coloration v\u00e9g\u00e9tale<\/strong>, une alternative 100% naturelle pour sublimer vos cheveux tout en respectant leur sant\u00e9 et l\u2019environnement.<\/p>\n<p data-start=\"277\" data-end=\"686\">Contrairement aux colorations chimiques, la coloration v\u00e9g\u00e9tale est compos\u00e9e exclusivement de <strong data-start=\"371\" data-end=\"406\">poudres de plantes tinctoriales<\/strong> et d\u2019eau. Ces plantes, issues de <strong data-start=\"440\" data-end=\"488\">racines, feuilles, pistils, baies ou p\u00e9tales<\/strong>, sont r\u00e9colt\u00e9es avec soin, s\u00e9ch\u00e9es au soleil, puis r\u00e9duites en une poudre ultra fine. Ce proc\u00e9d\u00e9 permet d\u2019obtenir un m\u00e9lange homog\u00e8ne, garantissant une application fluide et un r\u00e9sultat \u00e9clatant.<\/p>\n<p data-start=\"688\" data-end=\"993\">Parmi les plantes les plus connues, on retrouve le <strong data-start=\"739\" data-end=\"760\">henn\u00e9 et l\u2019indigo<\/strong>, mais il en existe bien d\u2019autres, chacune offrant des reflets uniques et naturels. Utilis\u00e9e depuis des si\u00e8cles pour teindre les cheveux et m\u00eame certains textiles, la coloration v\u00e9g\u00e9tale est un v\u00e9ritable rituel de beaut\u00e9 ancestral.<\/p>\n<p data-start=\"995\" data-end=\"1091\"><strong data-start=\"995\" data-end=\"1089\">Adoptez la coloration v\u00e9g\u00e9tale et offrez \u00e0 vos cheveux un \u00e9clat naturel, tout en douceur !<\/strong><\/p>\n<p>[\/et_pb_text][\/et_pb_column][\/et_pb_row][et_pb_row custom_padding_last_edited=\u00a0\u00bbon|phone\u00a0\u00bb _builder_version=\u00a0\u00bb4.18.0&Prime; _module_preset=\u00a0\u00bbdefault\u00a0\u00bb custom_margin=\u00a0\u00bb-55px||||false|false\u00a0\u00bb custom_margin_tablet=\u00a0\u00bb-55px||||false|false\u00a0\u00bb custom_margin_phone=\u00a0\u00bb-34px||||false|false\u00a0\u00bb custom_margin_last_edited=\u00a0\u00bbon|phone\u00a0\u00bb custom_padding=\u00a0\u00bb||16px|47px|false|false\u00a0\u00bb custom_padding_tablet=\u00a0\u00bb||16px|47px|false|false\u00a0\u00bb custom_padding_phone=\u00a0\u00bb||16px|0px|false|false\u00a0\u00bb global_colors_info=\u00a0\u00bb{}\u00a0\u00bb][et_pb_column type=\u00a0\u00bb4_4&Prime; _builder_version=\u00a0\u00bb4.18.0&Prime; _module_preset=\u00a0\u00bbdefault\u00a0\u00bb global_colors_info=\u00a0\u00bb{}\u00a0\u00bb][et_pb_text content_tablet=\u00a0\u00bb<\/p>\n<h2>Quels effets sur le cheveu ?<\/h2>\n<p>\u00a0\u00bb content_phone=\u00a0\u00bb<\/p>\n<h2 style=%22text-align: center;%22>Quels effets sur le cheveu ?<\/h2>\n<p>\u00a0\u00bb content_last_edited=\u00a0\u00bbon|phone\u00a0\u00bb _builder_version=\u00a0\u00bb4.18.0&Prime; _module_preset=\u00a0\u00bbdefault\u00a0\u00bb custom_margin_tablet=\u00a0\u00bb\u00a0\u00bb custom_margin_phone=\u00a0\u00bb16px||||false|false\u00a0\u00bb custom_margin_last_edited=\u00a0\u00bbon|phone\u00a0\u00bb global_colors_info=\u00a0\u00bb{}\u00a0\u00bb]<\/p>\n<h2>Quels effets sur le cheveu ?<\/h2>\n<p>[\/et_pb_text][et_pb_text content_tablet=\u00a0\u00bb<\/p>\n<p data-start=%2260%22 data-end=%22177%22>La coloration v\u00e9g\u00e9tale ne se contente pas de colorer vos cheveux, elle leur offre un v\u00e9ritable soin en profondeur !<\/p>\n<p data-start=%22179%22 data-end=%22488%22>Contrairement aux colorations chimiques qui p\u00e9n\u00e8trent la fibre capillaire, les poudres v\u00e9g\u00e9tales se <strong data-start=%22279%22 data-end=%22310%22>fixent aux parois du cheveu<\/strong>, formant un <strong data-start=%22323%22 data-end=%22351%22>pansement color\u00e9 naturel<\/strong>. Cette fine couche de pigments refl\u00e8te la lumi\u00e8re comme aucune autre coloration, apportant ainsi <strong data-start=%22449%22 data-end=%22485%22>brillance et \u00e9clat incomparables<\/strong>.<\/p>\n<p data-start=%22490%22 data-end=%22764%22>En plus d\u2019une couleur intense et lumineuse, vos cheveux sont <strong data-start=%22551%22 data-end=%22598%22>gain\u00e9s, renforc\u00e9s et visiblement plus sains<\/strong>. Avec des applications r\u00e9guli\u00e8res, votre chevelure gagne m\u00eame en densit\u00e9 : apr\u00e8s plusieurs s\u00e9ances, vos cheveux peuvent \u00eatre jusqu\u2019\u00e0 <strong data-start=%22732%22 data-end=%22760%22>15 \u00e0 20% plus volumineux<\/strong> !<\/p>\n<p data-start=%22766%22 data-end=%22946%22>Les <strong data-start=%22770%22 data-end=%22789%22>cheveux boucl\u00e9s<\/strong> sont particuli\u00e8rement sublim\u00e9s par la coloration v\u00e9g\u00e9tale. Gr\u00e2ce \u00e0 son effet gainant, elle red\u00e9finit les boucles et leur apporte <strong data-start=%22919%22 data-end=%22943%22>rebond et d\u00e9finition<\/strong>.<\/p>\n<p data-start=%22948%22 data-end=%221305%22><strong data-start=%22951%22 data-end=%22991%22>Patience et nature font bon m\u00e9nage !<\/strong> Le r\u00e9sultat d\u00e9finitif de la coloration v\u00e9g\u00e9tale se r\u00e9v\u00e8le <strong data-start=%221050%22 data-end=%221079%22>au bout de 24 \u00e0 48 heures<\/strong>. Selon l\u2019intensit\u00e9 souhait\u00e9e, plusieurs applications peuvent \u00eatre n\u00e9cessaires le m\u00eame jour. Si tel est le cas, pr\u00e9voyez un moment privil\u00e9gi\u00e9 dans notre salon pour profiter pleinement de cette exp\u00e9rience de beaut\u00e9 naturelle.<\/p>\n<p>\u00a0\u00bb content_phone=\u00a0\u00bb<\/p>\n<p data-start=%2260%22 data-end=%22177%22 style=%22text-align: center;%22>La coloration v\u00e9g\u00e9tale ne se contente pas de colorer vos cheveux, elle leur offre un v\u00e9ritable soin en profondeur !<\/p>\n<p data-start=%22179%22 data-end=%22488%22 style=%22text-align: center;%22>Contrairement aux colorations chimiques qui p\u00e9n\u00e8trent la fibre capillaire, les poudres v\u00e9g\u00e9tales se <strong data-start=%22279%22 data-end=%22310%22>fixent aux parois du cheveu<\/strong>, formant un <strong data-start=%22323%22 data-end=%22351%22>pansement color\u00e9 naturel<\/strong>. Cette fine couche de pigments refl\u00e8te la lumi\u00e8re comme aucune autre coloration, apportant ainsi <strong data-start=%22449%22 data-end=%22485%22>brillance et \u00e9clat incomparables<\/strong>.<\/p>\n<p data-start=%22490%22 data-end=%22764%22 style=%22text-align: center;%22>En plus d\u2019une couleur intense et lumineuse, vos cheveux sont <strong data-start=%22551%22 data-end=%22598%22>gain\u00e9s, renforc\u00e9s et visiblement plus sains<\/strong>. Avec des applications r\u00e9guli\u00e8res, votre chevelure gagne m\u00eame en densit\u00e9 : apr\u00e8s plusieurs s\u00e9ances, vos cheveux peuvent \u00eatre jusqu\u2019\u00e0 <strong data-start=%22732%22 data-end=%22760%22>15 \u00e0 20% plus volumineux<\/strong> !<\/p>\n<p data-start=%22766%22 data-end=%22946%22 style=%22text-align: center;%22>Les <strong data-start=%22770%22 data-end=%22789%22>cheveux boucl\u00e9s<\/strong> sont particuli\u00e8rement sublim\u00e9s par la coloration v\u00e9g\u00e9tale. Gr\u00e2ce \u00e0 son effet gainant, elle red\u00e9finit les boucles et leur apporte <strong data-start=%22919%22 data-end=%22943%22>rebond et d\u00e9finition<\/strong>.<\/p>\n<p data-start=%22948%22 data-end=%221305%22 style=%22text-align: center;%22><strong data-start=%22951%22 data-end=%22991%22>Patience et nature font bon m\u00e9nage !<\/strong> Le r\u00e9sultat d\u00e9finitif de la coloration v\u00e9g\u00e9tale se r\u00e9v\u00e8le <strong data-start=%221050%22 data-end=%221079%22>au bout de 24 \u00e0 48 heures<\/strong>. Selon l\u2019intensit\u00e9 souhait\u00e9e, plusieurs applications peuvent \u00eatre n\u00e9cessaires le m\u00eame jour. Si tel est le cas, pr\u00e9voyez un moment privil\u00e9gi\u00e9 dans notre salon pour profiter pleinement de cette exp\u00e9rience de beaut\u00e9 naturelle.<\/p>\n<p>\u00a0\u00bb content_last_edited=\u00a0\u00bbon|phone\u00a0\u00bb _builder_version=\u00a0\u00bb4.18.0&Prime; _module_preset=\u00a0\u00bbdefault\u00a0\u00bb custom_margin=\u00a0\u00bb-21px|||||\u00a0\u00bb global_colors_info=\u00a0\u00bb{}\u00a0\u00bb]<\/p>\n<p data-start=\"60\" data-end=\"177\">La coloration v\u00e9g\u00e9tale ne se contente pas de colorer vos cheveux, elle leur offre un v\u00e9ritable soin en profondeur !<\/p>\n<p data-start=\"179\" data-end=\"488\">Contrairement aux colorations chimiques qui p\u00e9n\u00e8trent la fibre capillaire, les poudres v\u00e9g\u00e9tales se <strong data-start=\"279\" data-end=\"310\">fixent aux parois du cheveu<\/strong>, formant un <strong data-start=\"323\" data-end=\"351\">pansement color\u00e9 naturel<\/strong>. Cette fine couche de pigments refl\u00e8te la lumi\u00e8re comme aucune autre coloration, apportant ainsi <strong data-start=\"449\" data-end=\"485\">brillance et \u00e9clat incomparables<\/strong>.<\/p>\n<p data-start=\"490\" data-end=\"764\">En plus d\u2019une couleur intense et lumineuse, vos cheveux sont <strong data-start=\"551\" data-end=\"598\">gain\u00e9s, renforc\u00e9s et visiblement plus sains<\/strong>. Avec des applications r\u00e9guli\u00e8res, votre chevelure gagne m\u00eame en densit\u00e9 : apr\u00e8s plusieurs s\u00e9ances, vos cheveux peuvent \u00eatre jusqu\u2019\u00e0 <strong data-start=\"732\" data-end=\"760\">15 \u00e0 20% plus volumineux<\/strong> !<\/p>\n<p data-start=\"766\" data-end=\"946\">Les <strong data-start=\"770\" data-end=\"789\">cheveux boucl\u00e9s<\/strong> sont particuli\u00e8rement sublim\u00e9s par la coloration v\u00e9g\u00e9tale. Gr\u00e2ce \u00e0 son effet gainant, elle red\u00e9finit les boucles et leur apporte <strong data-start=\"919\" data-end=\"943\">rebond et d\u00e9finition<\/strong>.<\/p>\n<p data-start=\"948\" data-end=\"1305\"><strong data-start=\"951\" data-end=\"991\">Patience et nature font bon m\u00e9nage !<\/strong> Le r\u00e9sultat d\u00e9finitif de la coloration v\u00e9g\u00e9tale se r\u00e9v\u00e8le <strong data-start=\"1050\" data-end=\"1079\">au bout de 24 \u00e0 48 heures<\/strong>. Selon l\u2019intensit\u00e9 souhait\u00e9e, plusieurs applications peuvent \u00eatre n\u00e9cessaires le m\u00eame jour. Si tel est le cas, pr\u00e9voyez un moment privil\u00e9gi\u00e9 dans notre salon pour profiter pleinement de cette exp\u00e9rience de beaut\u00e9 naturelle.<\/p>\n<p>[\/et_pb_text][et_pb_text content_tablet=\u00a0\u00bb<\/p>\n<h2>Les r\u00e9sultats possibles<\/h2>\n<p>\u00a0\u00bb content_phone=\u00a0\u00bb<\/p>\n<h2 style=%22text-align: center;%22>Les r\u00e9sultats possibles<\/h2>\n<p>\u00a0\u00bb content_last_edited=\u00a0\u00bbon|phone\u00a0\u00bb _builder_version=\u00a0\u00bb4.18.0&Prime; _module_preset=\u00a0\u00bbdefault\u00a0\u00bb global_colors_info=\u00a0\u00bb{}\u00a0\u00bb]<\/p>\n<h2>Les r\u00e9sultats possibles<\/h2>\n<p>[\/et_pb_text][et_pb_text content_tablet=\u00a0\u00bb<\/p>\n<p data-start=%2247%22 data-end=%22162%22>Avec la <strong data-start=%2255%22 data-end=%2278%22>coloration v\u00e9g\u00e9tale<\/strong>, d\u00e9couvrez une palette de teintes naturelles aux <strong data-start=%22128%22 data-end=%22158%22>reflets chauds et lumineux<\/strong> !<\/p>\n<p data-start=%22164%22 data-end=%22480%22>Les poudres de plantes offrent un large \u00e9ventail de couleurs, allant du <strong data-start=%22236%22 data-end=%22268%22>blond dor\u00e9 au cuivr\u00e9 intense<\/strong>, en passant par des nuances <strong data-start=%22297%22 data-end=%22334%22>acajou, marron ou ch\u00e2tain profond<\/strong>. D\u00e8s la premi\u00e8re application, vos cheveux gagnent en <strong data-start=%22388%22 data-end=%22401%22>brillance<\/strong> gr\u00e2ce aux pigments v\u00e9g\u00e9taux qui captent et refl\u00e8tent intens\u00e9ment la lumi\u00e8re.<\/p>\n<p data-start=%22482%22 data-end=%22709%22><strong data-start=%22485%22 data-end=%22536%22>Les tons froids sont plus rares dans la nature.<\/strong> Les plantes capables de colorer les cheveux apportent principalement des reflets chauds. C&rsquo;est pourquoi il est difficile d&rsquo;obtenir des nuances froides avec cette m\u00e9thode.<\/p>\n<p data-start=%22711%22 data-end=%22913%22><strong data-start=%22714%22 data-end=%22726%22>\u00c0 savoir<\/strong> : La coloration v\u00e9g\u00e9tale <strong data-start=%22752%22 data-end=%22781%22>ne permet pas d\u2019\u00e9claircir<\/strong> les cheveux. Elle sublime votre couleur naturelle en lui apportant reflets et profondeur, tout en respectant la fibre capillaire.<\/p>\n<p data-start=%22915%22 data-end=%221004%22 data-is-last-node=%22%22>\u00a0\u00bb content_phone=\u00a0\u00bb<\/p>\n<p data-start=%2247%22 data-end=%22162%22 style=%22text-align: center;%22>Avec la <strong data-start=%2255%22 data-end=%2278%22>coloration v\u00e9g\u00e9tale<\/strong>, d\u00e9couvrez une palette de teintes naturelles aux <strong data-start=%22128%22 data-end=%22158%22>reflets chauds et lumineux<\/strong> !<\/p>\n<p data-start=%22164%22 data-end=%22480%22 style=%22text-align: center;%22>Les poudres de plantes offrent un large \u00e9ventail de couleurs, allant du <strong data-start=%22236%22 data-end=%22268%22>blond dor\u00e9 au cuivr\u00e9 intense<\/strong>, en passant par des nuances <strong data-start=%22297%22 data-end=%22334%22>acajou, marron ou ch\u00e2tain profond<\/strong>. D\u00e8s la premi\u00e8re application, vos cheveux gagnent en <strong data-start=%22388%22 data-end=%22401%22>brillance<\/strong> gr\u00e2ce aux pigments v\u00e9g\u00e9taux qui captent et refl\u00e8tent intens\u00e9ment la lumi\u00e8re.<\/p>\n<p data-start=%22482%22 data-end=%22709%22 style=%22text-align: center;%22><strong data-start=%22485%22 data-end=%22536%22>Les tons froids sont plus rares dans la nature.<\/strong> Les plantes capables de colorer les cheveux apportent principalement des reflets chauds. C&rsquo;est pourquoi il est difficile d&rsquo;obtenir des nuances froides avec cette m\u00e9thode.<\/p>\n<p data-start=%22711%22 data-end=%22913%22 style=%22text-align: center;%22><strong data-start=%22714%22 data-end=%22726%22>\u00c0 savoir<\/strong> : La coloration v\u00e9g\u00e9tale <strong data-start=%22752%22 data-end=%22781%22>ne permet pas d\u2019\u00e9claircir<\/strong> les cheveux. Elle sublime votre couleur naturelle en lui apportant reflets et profondeur, tout en respectant la fibre capillaire.<\/p>\n<p data-start=%22915%22 data-end=%221004%22 data-is-last-node=%22%22 style=%22text-align: center;%22>\u00a0\u00bb content_last_edited=\u00a0\u00bbon|phone\u00a0\u00bb _builder_version=\u00a0\u00bb4.18.0&Prime; _module_preset=\u00a0\u00bbdefault\u00a0\u00bb custom_margin=\u00a0\u00bb-21px|||||\u00a0\u00bb global_colors_info=\u00a0\u00bb{}\u00a0\u00bb]<\/p>\n<p data-start=\"47\" data-end=\"162\">Avec la <strong data-start=\"55\" data-end=\"78\">coloration v\u00e9g\u00e9tale<\/strong>, d\u00e9couvrez une palette de teintes naturelles aux <strong data-start=\"128\" data-end=\"158\">reflets chauds et lumineux<\/strong> !<\/p>\n<p data-start=\"164\" data-end=\"480\">Les poudres de plantes offrent un large \u00e9ventail de couleurs, allant du <strong data-start=\"236\" data-end=\"268\">blond dor\u00e9 au cuivr\u00e9 intense<\/strong>, en passant par des nuances <strong data-start=\"297\" data-end=\"334\">acajou, marron ou ch\u00e2tain profond<\/strong>. D\u00e8s la premi\u00e8re application, vos cheveux gagnent en <strong data-start=\"388\" data-end=\"401\">brillance<\/strong> gr\u00e2ce aux pigments v\u00e9g\u00e9taux qui captent et refl\u00e8tent intens\u00e9ment la lumi\u00e8re.<\/p>\n<p data-start=\"482\" data-end=\"709\"><strong data-start=\"485\" data-end=\"536\">Les tons froids sont plus rares dans la nature.<\/strong> Les plantes capables de colorer les cheveux apportent principalement des reflets chauds. C&rsquo;est pourquoi il est difficile d&rsquo;obtenir des nuances froides avec cette m\u00e9thode.<\/p>\n<p data-start=\"711\" data-end=\"913\"><strong data-start=\"714\" data-end=\"726\">\u00c0 savoir<\/strong> : La coloration v\u00e9g\u00e9tale <strong data-start=\"752\" data-end=\"781\">ne permet pas d\u2019\u00e9claircir<\/strong> les cheveux. Elle sublime votre couleur naturelle en lui apportant reflets et profondeur, tout en respectant la fibre capillaire.<\/p>\n<p data-start=\"915\" data-end=\"1004\" data-is-last-node=\"\">[\/et_pb_text][et_pb_text content_tablet=\u00a0\u00bb<\/p>\n<h2>Pour qui est faite la coloration v\u00e9g\u00e9tale ?<\/h2>\n<p>\u00a0\u00bb content_phone=\u00a0\u00bb<\/p>\n<h2 style=%22text-align: center;%22>Pour qui est faite la coloration v\u00e9g\u00e9tale ?<\/h2>\n<p>\u00a0\u00bb content_last_edited=\u00a0\u00bbon|phone\u00a0\u00bb _builder_version=\u00a0\u00bb4.18.0&Prime; _module_preset=\u00a0\u00bbdefault\u00a0\u00bb global_colors_info=\u00a0\u00bb{}\u00a0\u00bb]<\/p>\n<h2>Pour qui est faite la coloration v\u00e9g\u00e9tale ?<\/h2>\n<p>[\/et_pb_text][et_pb_text content_tablet=\u00a0\u00bb<\/p>\n<p data-start=%2251%22 data-end=%22199%22>La <strong data-start=%2254%22 data-end=%2277%22>coloration v\u00e9g\u00e9tale<\/strong> s\u2019adresse \u00e0 toute personne souhaitant une alternative <strong data-start=%22132%22 data-end=%22150%22>100% naturelle<\/strong>, douce et respectueuse de la fibre capillaire.<\/p>\n<p data-start=%22201%22 data-end=%22243%22>Elle est particuli\u00e8rement adapt\u00e9e pour :<\/p>\n<ul>\n<li data-start=%22245%22 data-end=%22706%22><strong data-start=%22248%22 data-end=%22274%22>Les adeptes du naturel<\/strong>, soucieuses d\u2019\u00e9viter les substances chimiques.<\/li>\n<li data-start=%22245%22 data-end=%22706%22><strong data-start=%22327%22 data-end=%22351%22>Les femmes enceintes<\/strong>, qui souhaitent pr\u00e9server leur sant\u00e9 et celle de leur b\u00e9b\u00e9.<\/li>\n<li data-start=%22245%22 data-end=%22706%22><strong data-start=%22417%22 data-end=%22458%22>Les personnes sous traitement m\u00e9dical<\/strong>, notamment en chimioth\u00e9rapie ou en suivi de traitement, recherchant une solution sans risque pour leur cuir chevelu.<\/li>\n<li data-start=%22245%22 data-end=%22706%22><strong data-start=%22581%22 data-end=%22651%22>Celles et ceux qui veulent camoufler leurs premiers cheveux blancs<\/strong>, sans contrainte d\u2019entretien et en toute discr\u00e9tion.<\/li>\n<\/ul>\n<p data-start=%22708%22 data-end=%22735%22>Et bien d\u2019autres encore !<\/p>\n<p data-start=%22737%22 data-end=%22968%22><strong data-start=%22740%22 data-end=%22777%22>Aucune contre-indication m\u00e9dicale<\/strong> n\u2019existe pour la coloration v\u00e9g\u00e9tale. Cependant, comme pour toute substance naturelle, une <strong data-start=%22869%22 data-end=%22892%22>r\u00e9action allergique<\/strong> reste possible, bien que rare, au m\u00eame titre qu\u2019une allergie alimentaire.<\/p>\n<p data-start=%22915%22 data-end=%221004%22 data-is-last-node=%22%22>\u00a0\u00bb content_phone=\u00a0\u00bb<\/p>\n<p data-start=%2251%22 data-end=%22199%22 style=%22text-align: center;%22>La <strong data-start=%2254%22 data-end=%2277%22>coloration v\u00e9g\u00e9tale<\/strong> s\u2019adresse \u00e0 toute personne souhaitant une alternative <strong data-start=%22132%22 data-end=%22150%22>100% naturelle<\/strong>, douce et respectueuse de la fibre capillaire.<\/p>\n<p data-start=%22201%22 data-end=%22243%22 style=%22text-align: center;%22>Elle est particuli\u00e8rement adapt\u00e9e pour :<\/p>\n<ul style=%22text-align: center;%22>\n<li data-start=%22245%22 data-end=%22706%22><strong data-start=%22248%22 data-end=%22274%22>Les adeptes du naturel<\/strong>, soucieuses d\u2019\u00e9viter les substances chimiques.<\/li>\n<li data-start=%22245%22 data-end=%22706%22><strong data-start=%22327%22 data-end=%22351%22>Les femmes enceintes<\/strong>, qui souhaitent pr\u00e9server leur sant\u00e9 et celle de leur b\u00e9b\u00e9.<\/li>\n<li data-start=%22245%22 data-end=%22706%22><strong data-start=%22417%22 data-end=%22458%22>Les personnes sous traitement m\u00e9dical<\/strong>, notamment en chimioth\u00e9rapie ou en suivi de traitement, recherchant une solution sans risque pour leur cuir chevelu.<\/li>\n<li data-start=%22245%22 data-end=%22706%22><strong data-start=%22581%22 data-end=%22651%22>Celles et ceux qui veulent camoufler leurs premiers cheveux blancs<\/strong>, sans contrainte d\u2019entretien et en toute discr\u00e9tion.<\/li>\n<\/ul>\n<p data-start=%22708%22 data-end=%22735%22 style=%22text-align: center;%22>Et bien d\u2019autres encore !<\/p>\n<p data-start=%22737%22 data-end=%22968%22 style=%22text-align: center;%22><strong data-start=%22740%22 data-end=%22777%22>Aucune contre-indication m\u00e9dicale<\/strong> n\u2019existe pour la coloration v\u00e9g\u00e9tale. Cependant, comme pour toute substance naturelle, une <strong data-start=%22869%22 data-end=%22892%22>r\u00e9action allergique<\/strong> reste possible, bien que rare, au m\u00eame titre qu\u2019une allergie alimentaire.<\/p>\n<p data-start=%22915%22 data-end=%221004%22 data-is-last-node=%22%22 style=%22text-align: center;%22>\u00a0\u00bb content_last_edited=\u00a0\u00bbon|phone\u00a0\u00bb _builder_version=\u00a0\u00bb4.18.0&Prime; _module_preset=\u00a0\u00bbdefault\u00a0\u00bb custom_margin=\u00a0\u00bb-21px|||||\u00a0\u00bb global_colors_info=\u00a0\u00bb{}\u00a0\u00bb]<\/p>\n<p data-start=\"51\" data-end=\"199\">La <strong data-start=\"54\" data-end=\"77\">coloration v\u00e9g\u00e9tale<\/strong> s\u2019adresse \u00e0 toute personne souhaitant une alternative <strong data-start=\"132\" data-end=\"150\">100% naturelle<\/strong>, douce et respectueuse de la fibre capillaire.<\/p>\n<p data-start=\"201\" data-end=\"243\">Elle est particuli\u00e8rement adapt\u00e9e pour :<\/p>\n<ul>\n<li data-start=\"245\" data-end=\"706\"><strong data-start=\"248\" data-end=\"274\">Les adeptes du naturel<\/strong>, soucieuses d\u2019\u00e9viter les substances chimiques.<\/li>\n<li data-start=\"245\" data-end=\"706\"><strong data-start=\"327\" data-end=\"351\">Les femmes enceintes<\/strong>, qui souhaitent pr\u00e9server leur sant\u00e9 et celle de leur b\u00e9b\u00e9.<\/li>\n<li data-start=\"245\" data-end=\"706\"><strong data-start=\"417\" data-end=\"458\">Les personnes sous traitement m\u00e9dical<\/strong>, notamment en chimioth\u00e9rapie ou en suivi de traitement, recherchant une solution sans risque pour leur cuir chevelu.<\/li>\n<li data-start=\"245\" data-end=\"706\"><strong data-start=\"581\" data-end=\"651\">Celles et ceux qui veulent camoufler leurs premiers cheveux blancs<\/strong>, sans contrainte d\u2019entretien et en toute discr\u00e9tion.<\/li>\n<\/ul>\n<p data-start=\"708\" data-end=\"735\">Et bien d\u2019autres encore !<\/p>\n<p data-start=\"737\" data-end=\"968\"><strong data-start=\"740\" data-end=\"777\">Aucune contre-indication m\u00e9dicale<\/strong> n\u2019existe pour la coloration v\u00e9g\u00e9tale. Cependant, comme pour toute substance naturelle, une <strong data-start=\"869\" data-end=\"892\">r\u00e9action allergique<\/strong> reste possible, bien que rare, au m\u00eame titre qu\u2019une allergie alimentaire.<\/p>\n<p data-start=\"915\" data-end=\"1004\" data-is-last-node=\"\">[\/et_pb_text][et_pb_text content_tablet=\u00a0\u00bb<\/p>\n<h2>Petit plus du professionnel&#8230;<\/h2>\n<p>\u00a0\u00bb content_phone=\u00a0\u00bb<\/p>\n<h2 style=%22text-align: center;%22>Petit plus du professionnel&#8230;<\/h2>\n<p>\u00a0\u00bb content_last_edited=\u00a0\u00bbon|phone\u00a0\u00bb _builder_version=\u00a0\u00bb4.18.0&Prime; _module_preset=\u00a0\u00bbdefault\u00a0\u00bb global_colors_info=\u00a0\u00bb{}\u00a0\u00bb]<\/p>\n<h2>Petit plus du professionnel&#8230;<\/h2>\n<p>[\/et_pb_text][et_pb_text content_tablet=\u00a0\u00bb<\/p>\n<p data-start=%2260%22 data-end=%22254%22>Dans notre salon, nous allions le pouvoir des <strong data-start=%22106%22 data-end=%22130%22>plantes tinctoriales<\/strong> \u00e0 celui des <strong data-start=%22143%22 data-end=%22167%22>plantes ayurv\u00e9diques<\/strong> pour offrir \u00e0 vos cheveux une <strong data-start=%22198%22 data-end=%22251%22>coloration naturelle et un v\u00e9ritable soin profond<\/strong>.<\/p>\n<p data-start=%22256%22 data-end=%22509%22><strong data-start=%22259%22 data-end=%22273%22>L\u2019Ayurveda<\/strong>, philosophie ancestrale venue d\u2019Inde, repose sur l\u2019\u00e9quilibre du corps et de l\u2019esprit. Depuis des mill\u00e9naires, les plantes ayurv\u00e9diques sont reconnues pour leurs bienfaits et sont de plus en plus pris\u00e9es pour leurs vertus capillaires.<\/p>\n<p data-start=%22511%22 data-end=%22611%22>Gr\u00e2ce \u00e0 elles, votre chevelure b\u00e9n\u00e9ficie d\u2019une <strong data-start=%22558%22 data-end=%22582%22>protection renforc\u00e9e<\/strong> et de nombreux bienfaits : r<strong data-start=%22616%22 data-end=%22653%22>\u00e9duction de la chute des cheveux, r<\/strong><strong data-start=%22659%22 data-end=%22717%22>enforcement du cuir chevelu et de la fibre capillaire, b<\/strong><strong data-start=%22723%22 data-end=%22763%22>rillance naturelle et \u00e9clat d\u00e9cupl\u00e9, r<\/strong><strong data-start=%22769%22 data-end=%22823%22>\u00e9gulation du s\u00e9bum et lutte contre les pellicules.<\/strong><\/p>\n<p data-start=%22827%22 data-end=%221007%22>En associant ces plantes \u00e0 la <strong data-start=%22857%22 data-end=%22880%22>coloration v\u00e9g\u00e9tale<\/strong>, nous sublimons votre couleur tout en prenant soin de vos cheveux, pour un r\u00e9sultat <strong data-start=%22965%22 data-end=%221004%22>harmonieux, durable et 100% naturel<\/strong>.<\/p>\n<p data-start=%22915%22 data-end=%221004%22 data-is-last-node=%22%22>\u00a0\u00bb content_phone=\u00a0\u00bb<\/p>\n<p data-start=%2260%22 data-end=%22254%22 style=%22text-align: center;%22>Dans notre salon, nous allions le pouvoir des <strong data-start=%22106%22 data-end=%22130%22>plantes tinctoriales<\/strong> \u00e0 celui des <strong data-start=%22143%22 data-end=%22167%22>plantes ayurv\u00e9diques<\/strong> pour offrir \u00e0 vos cheveux une <strong data-start=%22198%22 data-end=%22251%22>coloration naturelle et un v\u00e9ritable soin profond<\/strong>.<\/p>\n<p data-start=%22256%22 data-end=%22509%22 style=%22text-align: center;%22><strong data-start=%22259%22 data-end=%22273%22>L\u2019Ayurveda<\/strong>, philosophie ancestrale venue d\u2019Inde, repose sur l\u2019\u00e9quilibre du corps et de l\u2019esprit. Depuis des mill\u00e9naires, les plantes ayurv\u00e9diques sont reconnues pour leurs bienfaits et sont de plus en plus pris\u00e9es pour leurs vertus capillaires.<\/p>\n<p data-start=%22511%22 data-end=%22611%22 style=%22text-align: center;%22>Gr\u00e2ce \u00e0 elles, votre chevelure b\u00e9n\u00e9ficie d\u2019une <strong data-start=%22558%22 data-end=%22582%22>protection renforc\u00e9e<\/strong> et de nombreux bienfaits : r<strong data-start=%22616%22 data-end=%22653%22>\u00e9duction de la chute des cheveux, r<\/strong><strong data-start=%22659%22 data-end=%22717%22>enforcement du cuir chevelu et de la fibre capillaire, b<\/strong><strong data-start=%22723%22 data-end=%22763%22>rillance naturelle et \u00e9clat d\u00e9cupl\u00e9, r<\/strong><strong data-start=%22769%22 data-end=%22823%22>\u00e9gulation du s\u00e9bum et lutte contre les pellicules.<\/strong><\/p>\n<p data-start=%22827%22 data-end=%221007%22 style=%22text-align: center;%22>En associant ces plantes \u00e0 la <strong data-start=%22857%22 data-end=%22880%22>coloration v\u00e9g\u00e9tale<\/strong>, nous sublimons votre couleur tout en prenant soin de vos cheveux, pour un r\u00e9sultat <strong data-start=%22965%22 data-end=%221004%22>harmonieux, durable et 100% naturel<\/strong>.<\/p>\n<p data-start=%22915%22 data-end=%221004%22 data-is-last-node=%22%22 style=%22text-align: center;%22>\u00a0\u00bb content_last_edited=\u00a0\u00bbon|phone\u00a0\u00bb _builder_version=\u00a0\u00bb4.18.0&Prime; _module_preset=\u00a0\u00bbdefault\u00a0\u00bb custom_margin=\u00a0\u00bb-21px|||||\u00a0\u00bb global_colors_info=\u00a0\u00bb{}\u00a0\u00bb]<\/p>\n<p data-start=\"60\" data-end=\"254\">Dans notre salon, nous allions le pouvoir des <strong data-start=\"106\" data-end=\"130\">plantes tinctoriales<\/strong> \u00e0 celui des <strong data-start=\"143\" data-end=\"167\">plantes ayurv\u00e9diques<\/strong> pour offrir \u00e0 vos cheveux une <strong data-start=\"198\" data-end=\"251\">coloration naturelle et un v\u00e9ritable soin profond<\/strong>.<\/p>\n<p data-start=\"256\" data-end=\"509\"><strong data-start=\"259\" data-end=\"273\">L\u2019Ayurveda<\/strong>, philosophie ancestrale venue d\u2019Inde, repose sur l\u2019\u00e9quilibre du corps et de l\u2019esprit. Depuis des mill\u00e9naires, les plantes ayurv\u00e9diques sont reconnues pour leurs bienfaits et sont de plus en plus pris\u00e9es pour leurs vertus capillaires.<\/p>\n<p data-start=\"511\" data-end=\"611\">Gr\u00e2ce \u00e0 elles, votre chevelure b\u00e9n\u00e9ficie d\u2019une <strong data-start=\"558\" data-end=\"582\">protection renforc\u00e9e<\/strong> et de nombreux bienfaits : r<strong data-start=\"616\" data-end=\"653\">\u00e9duction de la chute des cheveux, r<\/strong><strong data-start=\"659\" data-end=\"717\">enforcement du cuir chevelu et de la fibre capillaire, b<\/strong><strong data-start=\"723\" data-end=\"763\">rillance naturelle et \u00e9clat d\u00e9cupl\u00e9, r<\/strong><strong data-start=\"769\" data-end=\"823\">\u00e9gulation du s\u00e9bum et lutte contre les pellicules.<\/strong><\/p>\n<p data-start=\"827\" data-end=\"1007\">En associant ces plantes \u00e0 la <strong data-start=\"857\" data-end=\"880\">coloration v\u00e9g\u00e9tale<\/strong>, nous sublimons votre couleur tout en prenant soin de vos cheveux, pour un r\u00e9sultat <strong data-start=\"965\" data-end=\"1004\">harmonieux, durable et 100% naturel<\/strong>.<\/p>\n<p data-start=\"915\" data-end=\"1004\" data-is-last-node=\"\">[\/et_pb_text][\/et_pb_column][\/et_pb_row][\/et_pb_section][et_pb_section fb_built=\u00a0\u00bb1&Prime; module_id=\u00a0\u00bbsoins\u00a0\u00bb _builder_version=\u00a0\u00bb4.18.0&Prime; _module_preset=\u00a0\u00bbdefault\u00a0\u00bb global_colors_info=\u00a0\u00bb{}\u00a0\u00bb][et_pb_row column_structure=\u00a0\u00bb1_2,1_2&Prime; _builder_version=\u00a0\u00bb4.18.0&Prime; _module_preset=\u00a0\u00bbdefault\u00a0\u00bb custom_margin_tablet=\u00a0\u00bb\u00a0\u00bb custom_margin_phone=\u00a0\u00bb-42px||||false|false\u00a0\u00bb custom_margin_last_edited=\u00a0\u00bbon|phone\u00a0\u00bb custom_padding=\u00a0\u00bb38px|||||\u00a0\u00bb global_colors_info=\u00a0\u00bb{}\u00a0\u00bb][et_pb_column type=\u00a0\u00bb1_2&Prime; _builder_version=\u00a0\u00bb4.18.0&Prime; _module_preset=\u00a0\u00bbdefault\u00a0\u00bb global_colors_info=\u00a0\u00bb{}\u00a0\u00bb][et_pb_text content_tablet=\u00a0\u00bb<\/p>\n<h1 style=%22text-align: left;%22>Nos soins<\/h1>\n<p>\u00a0\u00bb content_phone=\u00a0\u00bb<\/p>\n<h1 style=%22text-align: center;%22>Nos soins<\/h1>\n<p>\u00a0\u00bb content_last_edited=\u00a0\u00bbon|phone\u00a0\u00bb disabled_on=\u00a0\u00bboff|off|off\u00a0\u00bb _builder_version=\u00a0\u00bb4.18.0&Prime; _module_preset=\u00a0\u00bbdefault\u00a0\u00bb text_font_size=\u00a0\u00bb38px\u00a0\u00bb header_font_size=\u00a0\u00bb57px\u00a0\u00bb custom_margin=\u00a0\u00bb-29px||15px|36px|false|false\u00a0\u00bb custom_margin_tablet=\u00a0\u00bb-29px||15px|36px|false|false\u00a0\u00bb custom_margin_phone=\u00a0\u00bb-6px||15px|0px|false|false\u00a0\u00bb custom_margin_last_edited=\u00a0\u00bbon|phone\u00a0\u00bb header_font_size_tablet=\u00a0\u00bb57px\u00a0\u00bb header_font_size_phone=\u00a0\u00bb42px\u00a0\u00bb header_font_size_last_edited=\u00a0\u00bbon|phone\u00a0\u00bb global_colors_info=\u00a0\u00bb{}\u00a0\u00bb]<\/p>\n<h1 style=\"text-align: left;\">Nos soins<\/h1>\n<p>[\/et_pb_text][et_pb_image src=\u00a0\u00bbhttps:\/\/atelier-green-concept.fr\/wp-content\/uploads\/2025\/02\/nos-soins.png\u00a0\u00bb alt=\u00a0\u00bbColoration v\u00e9g\u00e9tale\u00a0\u00bb title_text=\u00a0\u00bbnos soins\u00a0\u00bb _builder_version=\u00a0\u00bb4.18.0&Prime; _module_preset=\u00a0\u00bbdefault\u00a0\u00bb custom_margin=\u00a0\u00bb|||0px|false|false\u00a0\u00bb custom_padding=\u00a0\u00bb|||0px|false|false\u00a0\u00bb global_colors_info=\u00a0\u00bb{}\u00a0\u00bb][\/et_pb_image][\/et_pb_column][et_pb_column type=\u00a0\u00bb1_2&Prime; _builder_version=\u00a0\u00bb4.18.0&Prime; _module_preset=\u00a0\u00bbdefault\u00a0\u00bb global_colors_info=\u00a0\u00bb{}\u00a0\u00bb][et_pb_text content_tablet=\u00a0\u00bb<\/p>\n<p data-start=%2258%22 data-end=%22181%22>Dans notre salon, <strong data-start=%2276%22 data-end=%22113%22>tous nos soins sont 100% v\u00e9g\u00e9taux<\/strong>, con\u00e7us pour nourrir, r\u00e9parer et sublimer vos cheveux en douceur.<\/p>\n<p data-start=%22183%22 data-end=%22251%22>Nous s\u00e9lectionnons avec soin des ingr\u00e9dients d\u2019origine naturelle :<\/p>\n<p data-start=%22253%22 data-end=%22530%22>\ud83c\udf3f <strong data-start=%22256%22 data-end=%22278%22>Poudres de plantes<\/strong>, riches en bienfaits capillaires<br data-start=%22311%22 data-end=%22314%22 \/>\ud83d\udca7 <strong data-start=%22317%22 data-end=%22338%22>K\u00e9ratine v\u00e9g\u00e9tale<\/strong>, pour renforcer la fibre capillaire<br data-start=%22374%22 data-end=%22377%22 \/>\ud83e\udd65 <strong data-start=%22380%22 data-end=%22410%22>Huiles et beurres v\u00e9g\u00e9taux<\/strong>, pour hydrater et prot\u00e9ger<br data-start=%22437%22 data-end=%22440%22 \/>\ud83c\udf43 <strong data-start=%22443%22 data-end=%22466%22>Huiles essentielles<\/strong>, utilis\u00e9es avec votre accord apr\u00e8s un diagnostic personnalis\u00e9<\/p>\n<p data-start=%22532%22 data-end=%22566%22><strong data-start=%22534%22 data-end=%22564%22>Un moment de pure d\u00e9tente\u2026<\/strong><\/p>\n<p data-start=%22568%22 data-end=%22856%22>Notre <strong data-start=%22574%22 data-end=%22592%22>cabine de soin<\/strong> est un v\u00e9ritable cocon de s\u00e9r\u00e9nit\u00e9, d\u00e9cor\u00e9 dans un esprit naturel pour vous offrir une <strong data-start=%22680%22 data-end=%22716%22>exp\u00e9rience de relaxation absolue<\/strong>. Chaque rituel de soin inclut un <strong data-start=%22750%22 data-end=%22797%22>massage du cuir chevelu profond et apaisant<\/strong>, pour rel\u00e2cher les tensions et favoriser la circulation.<\/p>\n<p>\u00a0\u00bb content_phone=\u00a0\u00bb<\/p>\n<p data-start=%2258%22 data-end=%22181%22 style=%22text-align: center;%22>Dans notre salon, <strong data-start=%2276%22 data-end=%22113%22>tous nos soins sont 100% v\u00e9g\u00e9taux<\/strong>, con\u00e7us pour nourrir, r\u00e9parer et sublimer vos cheveux en douceur.<\/p>\n<p data-start=%22183%22 data-end=%22251%22 style=%22text-align: center;%22>Nous s\u00e9lectionnons avec soin des ingr\u00e9dients d\u2019origine naturelle :<\/p>\n<p data-start=%22253%22 data-end=%22530%22 style=%22text-align: center;%22>\ud83c\udf3f <strong data-start=%22256%22 data-end=%22278%22>Poudres de plantes<\/strong>, riches en bienfaits capillaires<br data-start=%22311%22 data-end=%22314%22 \/>\ud83d\udca7 <strong data-start=%22317%22 data-end=%22338%22>K\u00e9ratine v\u00e9g\u00e9tale<\/strong>, pour renforcer la fibre capillaire<br data-start=%22374%22 data-end=%22377%22 \/>\ud83e\udd65 <strong data-start=%22380%22 data-end=%22410%22>Huiles et beurres v\u00e9g\u00e9taux<\/strong>, pour hydrater et prot\u00e9ger<br data-start=%22437%22 data-end=%22440%22 \/>\ud83c\udf43 <strong data-start=%22443%22 data-end=%22466%22>Huiles essentielles<\/strong>, utilis\u00e9es avec votre accord apr\u00e8s un diagnostic personnalis\u00e9<\/p>\n<p data-start=%22532%22 data-end=%22566%22 style=%22text-align: center;%22><strong data-start=%22534%22 data-end=%22564%22>Un moment de pure d\u00e9tente\u2026<\/strong><\/p>\n<p data-start=%22568%22 data-end=%22856%22 style=%22text-align: center;%22>Notre <strong data-start=%22574%22 data-end=%22592%22>cabine de soin<\/strong> est un v\u00e9ritable cocon de s\u00e9r\u00e9nit\u00e9, d\u00e9cor\u00e9 dans un esprit naturel pour vous offrir une <strong data-start=%22680%22 data-end=%22716%22>exp\u00e9rience de relaxation absolue<\/strong>. Chaque rituel de soin inclut un <strong data-start=%22750%22 data-end=%22797%22>massage du cuir chevelu profond et apaisant<\/strong>, pour rel\u00e2cher les tensions et favoriser la circulation.<\/p>\n<p>\u00a0\u00bb content_last_edited=\u00a0\u00bbon|phone\u00a0\u00bb _builder_version=\u00a0\u00bb4.18.0&Prime; _module_preset=\u00a0\u00bbdefault\u00a0\u00bb custom_margin=\u00a0\u00bb144px|0px|||false|false\u00a0\u00bb custom_margin_tablet=\u00a0\u00bb144px|0px|||false|false\u00a0\u00bb custom_margin_phone=\u00a0\u00bb0px|0px|||false|false\u00a0\u00bb custom_margin_last_edited=\u00a0\u00bbon|phone\u00a0\u00bb custom_padding=\u00a0\u00bb||0px|||\u00a0\u00bb global_colors_info=\u00a0\u00bb{}\u00a0\u00bb]<\/p>\n<p data-start=\"58\" data-end=\"181\">Dans notre salon, <strong data-start=\"76\" data-end=\"113\">tous nos soins sont 100% v\u00e9g\u00e9taux<\/strong>, con\u00e7us pour nourrir, r\u00e9parer et sublimer vos cheveux en douceur.<\/p>\n<p data-start=\"183\" data-end=\"251\">Nous s\u00e9lectionnons avec soin des ingr\u00e9dients d\u2019origine naturelle :<\/p>\n<p data-start=\"253\" data-end=\"530\">\ud83c\udf3f <strong data-start=\"256\" data-end=\"278\">Poudres de plantes<\/strong>, riches en bienfaits capillaires<br data-start=\"311\" data-end=\"314\" \/>\ud83d\udca7 <strong data-start=\"317\" data-end=\"338\">K\u00e9ratine v\u00e9g\u00e9tale<\/strong>, pour renforcer la fibre capillaire<br data-start=\"374\" data-end=\"377\" \/>\ud83e\udd65 <strong data-start=\"380\" data-end=\"410\">Huiles et beurres v\u00e9g\u00e9taux<\/strong>, pour hydrater et prot\u00e9ger<br data-start=\"437\" data-end=\"440\" \/>\ud83c\udf43 <strong data-start=\"443\" data-end=\"466\">Huiles essentielles<\/strong>, utilis\u00e9es avec votre accord apr\u00e8s un diagnostic personnalis\u00e9<\/p>\n<p data-start=\"532\" data-end=\"566\"><strong data-start=\"534\" data-end=\"564\">Un moment de pure d\u00e9tente\u2026<\/strong><\/p>\n<p data-start=\"568\" data-end=\"856\">Notre <strong data-start=\"574\" data-end=\"592\">cabine de soin<\/strong> est un v\u00e9ritable cocon de s\u00e9r\u00e9nit\u00e9, d\u00e9cor\u00e9 dans un esprit naturel pour vous offrir une <strong data-start=\"680\" data-end=\"716\">exp\u00e9rience de relaxation absolue<\/strong>. Chaque rituel de soin inclut un <strong data-start=\"750\" data-end=\"797\">massage du cuir chevelu profond et apaisant<\/strong>, pour rel\u00e2cher les tensions et favoriser la circulation.<\/p>\n<p>[\/et_pb_text][\/et_pb_column][\/et_pb_row][\/et_pb_section][et_pb_section fb_built=\u00a0\u00bb1&Prime; module_id=\u00a0\u00bbcolorationsemivegetale\u00a0\u00bb _builder_version=\u00a0\u00bb4.18.0&Prime; _module_preset=\u00a0\u00bbdefault\u00a0\u00bb background_color=\u00a0\u00bb#F4E0D3&Prime; global_colors_info=\u00a0\u00bb{}\u00a0\u00bb][et_pb_row _builder_version=\u00a0\u00bb4.18.0&Prime; _module_preset=\u00a0\u00bbdefault\u00a0\u00bb custom_padding=\u00a0\u00bb||0px|||\u00a0\u00bb global_colors_info=\u00a0\u00bb{}\u00a0\u00bb][et_pb_column type=\u00a0\u00bb4_4&Prime; _builder_version=\u00a0\u00bb4.18.0&Prime; _module_preset=\u00a0\u00bbdefault\u00a0\u00bb global_colors_info=\u00a0\u00bb{}\u00a0\u00bb][et_pb_text content_tablet=\u00a0\u00bb<\/p>\n<h1 style=%22text-align: left;%22>La coloration semi-v\u00e9g\u00e9tale<\/h1>\n<p>\u00a0\u00bb content_phone=\u00a0\u00bb<\/p>\n<h1 style=%22text-align: center;%22>La coloration<br \/>semi-v\u00e9g\u00e9tale<\/h1>\n<p>\u00a0\u00bb content_last_edited=\u00a0\u00bbon|phone\u00a0\u00bb disabled_on=\u00a0\u00bboff|off|off\u00a0\u00bb _builder_version=\u00a0\u00bb4.18.0&Prime; _module_preset=\u00a0\u00bbdefault\u00a0\u00bb text_font_size=\u00a0\u00bb38px\u00a0\u00bb header_font_size=\u00a0\u00bb57px\u00a0\u00bb custom_margin=\u00a0\u00bb-29px||15px|36px|false|false\u00a0\u00bb custom_margin_tablet=\u00a0\u00bb-29px||15px|36px|false|false\u00a0\u00bb custom_margin_phone=\u00a0\u00bb-43px||5px|0px|false|false\u00a0\u00bb custom_margin_last_edited=\u00a0\u00bbon|phone\u00a0\u00bb header_font_size_tablet=\u00a0\u00bb57px\u00a0\u00bb header_font_size_phone=\u00a0\u00bb42px\u00a0\u00bb header_font_size_last_edited=\u00a0\u00bbon|phone\u00a0\u00bb global_colors_info=\u00a0\u00bb{}\u00a0\u00bb]<\/p>\n<h1 style=\"text-align: left;\">La coloration semi-v\u00e9g\u00e9tale<\/h1>\n<p>[\/et_pb_text][\/et_pb_column][\/et_pb_row][et_pb_row column_structure=\u00a0\u00bb1_2,1_2&Prime; _builder_version=\u00a0\u00bb4.18.0&Prime; _module_preset=\u00a0\u00bbdefault\u00a0\u00bb custom_margin_tablet=\u00a0\u00bb\u00a0\u00bb custom_margin_phone=\u00a0\u00bb-42px||||false|false\u00a0\u00bb custom_margin_last_edited=\u00a0\u00bbon|phone\u00a0\u00bb custom_padding=\u00a0\u00bb0px|||||\u00a0\u00bb global_colors_info=\u00a0\u00bb{}\u00a0\u00bb][et_pb_column type=\u00a0\u00bb1_2&Prime; _builder_version=\u00a0\u00bb4.18.0&Prime; _module_preset=\u00a0\u00bbdefault\u00a0\u00bb global_colors_info=\u00a0\u00bb{}\u00a0\u00bb][et_pb_image src=\u00a0\u00bbhttps:\/\/atelier-green-concept.fr\/wp-content\/uploads\/2025\/02\/coloration-semi-vegetale.png\u00a0\u00bb alt=\u00a0\u00bbColoration v\u00e9g\u00e9tale\u00a0\u00bb title_text=\u00a0\u00bbcoloration semi vegetale\u00a0\u00bb _builder_version=\u00a0\u00bb4.18.0&Prime; _module_preset=\u00a0\u00bbdefault\u00a0\u00bb custom_margin=\u00a0\u00bb17px|||0px|false|false\u00a0\u00bb custom_padding=\u00a0\u00bb|||0px|false|false\u00a0\u00bb global_colors_info=\u00a0\u00bb{}\u00a0\u00bb][\/et_pb_image][\/et_pb_column][et_pb_column type=\u00a0\u00bb1_2&Prime; _builder_version=\u00a0\u00bb4.18.0&Prime; _module_preset=\u00a0\u00bbdefault\u00a0\u00bb global_colors_info=\u00a0\u00bb{}\u00a0\u00bb][et_pb_text content_tablet=\u00a0\u00bb<\/p>\n<p data-start=%2264%22 data-end=%22272%22>La <strong data-start=%2267%22 data-end=%2295%22>coloration semi-v\u00e9g\u00e9tale<\/strong> est une <strong data-start=%22104%22 data-end=%22130%22>coloration d\u2019oxydation<\/strong>, id\u00e9ale pour celles et ceux qui souhaitent un <strong data-start=%22177%22 data-end=%22208%22>r\u00e9sultat pr\u00e9cis et ma\u00eetris\u00e9<\/strong>, tout en conservant une approche plus douce pour les cheveux.<\/p>\n<p data-start=%22274%22 data-end=%22328%22><strong data-start=%22276%22 data-end=%22326%22>Pourquoi choisir la coloration semi-v\u00e9g\u00e9tale ?<\/strong><\/p>\n<ul>\n<li data-start=%22330%22 data-end=%22609%22>Permet d\u2019obtenir des <strong data-start=%22354%22 data-end=%22372%22>reflets froids<\/strong>, difficiles \u00e0 atteindre avec la coloration 100% v\u00e9g\u00e9tale<\/li>\n<li data-start=%22330%22 data-end=%22609%22>Offre une <strong data-start=%22445%22 data-end=%22477%22>couleur pr\u00e9d\u00e9finie et stable<\/strong>, avec un rendu fid\u00e8le aux attentes<\/li>\n<li data-start=%22330%22 data-end=%22609%22>Permet un <strong data-start=%22528%22 data-end=%22554%22>changement plus facile<\/strong> et peut aller jusqu\u2019\u00e0 un certain <strong data-start=%22588%22 data-end=%22607%22>\u00e9claircissement<\/strong><\/li>\n<\/ul>\n<p data-start=%22611%22 data-end=%22912%22>Bien qu\u2019elle contienne des <strong data-start=%22638%22 data-end=%22662%22>pigments artificiels<\/strong>, son support est <strong data-start=%22680%22 data-end=%22711%22>une base d\u2019huiles v\u00e9g\u00e9tales<\/strong>, pour un maximum de douceur et de soin. De plus, elle est formul\u00e9e <strong data-start=%22779%22 data-end=%22841%22>sans ammoniaque, sans PPD, sans sulfates et sans silicones<\/strong>, garantissant une approche plus respectueuse de la fibre capillaire.<\/p>\n<p data-start=%22914%22 data-end=%221037%22 data-is-last-node=%22%22>\u00a0\u00bb content_phone=\u00a0\u00bb<\/p>\n<p data-start=%2264%22 data-end=%22272%22 style=%22text-align: center;%22>La <strong data-start=%2267%22 data-end=%2295%22>coloration semi-v\u00e9g\u00e9tale<\/strong> est une <strong data-start=%22104%22 data-end=%22130%22>coloration d\u2019oxydation<\/strong>, id\u00e9ale pour celles et ceux qui souhaitent un <strong data-start=%22177%22 data-end=%22208%22>r\u00e9sultat pr\u00e9cis et ma\u00eetris\u00e9<\/strong>, tout en conservant une approche plus douce pour les cheveux.<\/p>\n<p data-start=%22274%22 data-end=%22328%22 style=%22text-align: center;%22><strong data-start=%22276%22 data-end=%22326%22>Pourquoi choisir la coloration semi-v\u00e9g\u00e9tale ?<\/strong><\/p>\n<ul style=%22text-align: center;%22>\n<li data-start=%22330%22 data-end=%22609%22>Permet d\u2019obtenir des <strong data-start=%22354%22 data-end=%22372%22>reflets froids<\/strong>, difficiles \u00e0 atteindre avec la coloration 100% v\u00e9g\u00e9tale<\/li>\n<li data-start=%22330%22 data-end=%22609%22>Offre une <strong data-start=%22445%22 data-end=%22477%22>couleur pr\u00e9d\u00e9finie et stable<\/strong>, avec un rendu fid\u00e8le aux attentes<\/li>\n<li data-start=%22330%22 data-end=%22609%22>Permet un <strong data-start=%22528%22 data-end=%22554%22>changement plus facile<\/strong> et peut aller jusqu\u2019\u00e0 un certain <strong data-start=%22588%22 data-end=%22607%22>\u00e9claircissement<\/strong><\/li>\n<\/ul>\n<p data-start=%22611%22 data-end=%22912%22 style=%22text-align: center;%22>Bien qu\u2019elle contienne des <strong data-start=%22638%22 data-end=%22662%22>pigments artificiels<\/strong>, son support est <strong data-start=%22680%22 data-end=%22711%22>une base d\u2019huiles v\u00e9g\u00e9tales<\/strong>, pour un maximum de douceur et de soin. De plus, elle est formul\u00e9e <strong data-start=%22779%22 data-end=%22841%22>sans ammoniaque, sans PPD, sans sulfates et sans silicones<\/strong>, garantissant une approche plus respectueuse de la fibre capillaire.<\/p>\n<p data-start=%22914%22 data-end=%221037%22 data-is-last-node=%22%22 style=%22text-align: center;%22>\u00a0\u00bb content_last_edited=\u00a0\u00bbon|phone\u00a0\u00bb _builder_version=\u00a0\u00bb4.18.0&Prime; _module_preset=\u00a0\u00bbdefault\u00a0\u00bb custom_margin=\u00a0\u00bb144px|0px|||false|false\u00a0\u00bb custom_margin_tablet=\u00a0\u00bb144px|0px|||false|false\u00a0\u00bb custom_margin_phone=\u00a0\u00bb0px|0px|||false|false\u00a0\u00bb custom_margin_last_edited=\u00a0\u00bbon|phone\u00a0\u00bb custom_padding=\u00a0\u00bb||0px|||\u00a0\u00bb global_colors_info=\u00a0\u00bb{}\u00a0\u00bb]<\/p>\n<p data-start=\"64\" data-end=\"272\">La <strong data-start=\"67\" data-end=\"95\">coloration semi-v\u00e9g\u00e9tale<\/strong> est une <strong data-start=\"104\" data-end=\"130\">coloration d\u2019oxydation<\/strong>, id\u00e9ale pour celles et ceux qui souhaitent un <strong data-start=\"177\" data-end=\"208\">r\u00e9sultat pr\u00e9cis et ma\u00eetris\u00e9<\/strong>, tout en conservant une approche plus douce pour les cheveux.<\/p>\n<p data-start=\"274\" data-end=\"328\"><strong data-start=\"276\" data-end=\"326\">Pourquoi choisir la coloration semi-v\u00e9g\u00e9tale ?<\/strong><\/p>\n<ul>\n<li data-start=\"330\" data-end=\"609\">Permet d\u2019obtenir des <strong data-start=\"354\" data-end=\"372\">reflets froids<\/strong>, difficiles \u00e0 atteindre avec la coloration 100% v\u00e9g\u00e9tale<\/li>\n<li data-start=\"330\" data-end=\"609\">Offre une <strong data-start=\"445\" data-end=\"477\">couleur pr\u00e9d\u00e9finie et stable<\/strong>, avec un rendu fid\u00e8le aux attentes<\/li>\n<li data-start=\"330\" data-end=\"609\">Permet un <strong data-start=\"528\" data-end=\"554\">changement plus facile<\/strong> et peut aller jusqu\u2019\u00e0 un certain <strong data-start=\"588\" data-end=\"607\">\u00e9claircissement<\/strong><\/li>\n<\/ul>\n<p data-start=\"611\" data-end=\"912\">Bien qu\u2019elle contienne des <strong data-start=\"638\" data-end=\"662\">pigments artificiels<\/strong>, son support est <strong data-start=\"680\" data-end=\"711\">une base d\u2019huiles v\u00e9g\u00e9tales<\/strong>, pour un maximum de douceur et de soin. De plus, elle est formul\u00e9e <strong data-start=\"779\" data-end=\"841\">sans ammoniaque, sans PPD, sans sulfates et sans silicones<\/strong>, garantissant une approche plus respectueuse de la fibre capillaire.<\/p>\n<p data-start=\"914\" data-end=\"1037\" data-is-last-node=\"\">[\/et_pb_text][\/et_pb_column][\/et_pb_row][\/et_pb_section][et_pb_section fb_built=\u00a0\u00bb1&Prime; module_id=\u00a0\u00bbbalayagemineralargile\u00a0\u00bb _builder_version=\u00a0\u00bb4.18.0&Prime; _module_preset=\u00a0\u00bbdefault\u00a0\u00bb background_color=\u00a0\u00bb#FFFFFF\u00a0\u00bb global_colors_info=\u00a0\u00bb{}\u00a0\u00bb][et_pb_row _builder_version=\u00a0\u00bb4.18.0&Prime; _module_preset=\u00a0\u00bbdefault\u00a0\u00bb custom_padding=\u00a0\u00bb||0px|||\u00a0\u00bb global_colors_info=\u00a0\u00bb{}\u00a0\u00bb][et_pb_column type=\u00a0\u00bb4_4&Prime; _builder_version=\u00a0\u00bb4.18.0&Prime; _module_preset=\u00a0\u00bbdefault\u00a0\u00bb global_colors_info=\u00a0\u00bb{}\u00a0\u00bb][et_pb_text content_tablet=\u00a0\u00bb<\/p>\n<h1 style=%22text-align: left;%22>Le balayage min\u00e9ral argile<\/h1>\n<p>\u00a0\u00bb content_phone=\u00a0\u00bb<\/p>\n<h1 style=%22text-align: center;%22>Le balayage <br \/>min\u00e9ral argile<\/h1>\n<p>\u00a0\u00bb content_last_edited=\u00a0\u00bbon|phone\u00a0\u00bb disabled_on=\u00a0\u00bboff|off|off\u00a0\u00bb _builder_version=\u00a0\u00bb4.18.0&Prime; _module_preset=\u00a0\u00bbdefault\u00a0\u00bb text_font_size=\u00a0\u00bb38px\u00a0\u00bb header_font_size=\u00a0\u00bb57px\u00a0\u00bb custom_margin=\u00a0\u00bb-29px||15px|36px|false|false\u00a0\u00bb custom_margin_tablet=\u00a0\u00bb-29px||15px|36px|false|false\u00a0\u00bb custom_margin_phone=\u00a0\u00bb-43px||5px|0px|false|false\u00a0\u00bb custom_margin_last_edited=\u00a0\u00bbon|phone\u00a0\u00bb header_font_size_tablet=\u00a0\u00bb57px\u00a0\u00bb header_font_size_phone=\u00a0\u00bb42px\u00a0\u00bb header_font_size_last_edited=\u00a0\u00bbon|phone\u00a0\u00bb global_colors_info=\u00a0\u00bb{}\u00a0\u00bb]<\/p>\n<h1 style=\"text-align: left;\">Le balayage min\u00e9ral argile<\/h1>\n<p>[\/et_pb_text][\/et_pb_column][\/et_pb_row][et_pb_row column_structure=\u00a0\u00bb1_2,1_2&Prime; _builder_version=\u00a0\u00bb4.18.0&Prime; _module_preset=\u00a0\u00bbdefault\u00a0\u00bb custom_margin_tablet=\u00a0\u00bb\u00a0\u00bb custom_margin_phone=\u00a0\u00bb-42px||||false|false\u00a0\u00bb custom_margin_last_edited=\u00a0\u00bbon|phone\u00a0\u00bb custom_padding=\u00a0\u00bb0px|||||\u00a0\u00bb global_colors_info=\u00a0\u00bb{}\u00a0\u00bb][et_pb_column type=\u00a0\u00bb1_2&Prime; _builder_version=\u00a0\u00bb4.18.0&Prime; _module_preset=\u00a0\u00bbdefault\u00a0\u00bb global_colors_info=\u00a0\u00bb{}\u00a0\u00bb][et_pb_image src=\u00a0\u00bbhttps:\/\/atelier-green-concept.fr\/wp-content\/uploads\/2025\/02\/Le-balayage-mineral-argile.png\u00a0\u00bb alt=\u00a0\u00bbColoration v\u00e9g\u00e9tale\u00a0\u00bb title_text=\u00a0\u00bbLe balayage min\u00e9ral argile\u00a0\u00bb _builder_version=\u00a0\u00bb4.18.0&Prime; _module_preset=\u00a0\u00bbdefault\u00a0\u00bb custom_margin=\u00a0\u00bb17px|||0px|false|false\u00a0\u00bb custom_padding=\u00a0\u00bb|||0px|false|false\u00a0\u00bb global_colors_info=\u00a0\u00bb{}\u00a0\u00bb][\/et_pb_image][\/et_pb_column][et_pb_column type=\u00a0\u00bb1_2&Prime; _builder_version=\u00a0\u00bb4.18.0&Prime; _module_preset=\u00a0\u00bbdefault\u00a0\u00bb global_colors_info=\u00a0\u00bb{}\u00a0\u00bb][et_pb_text content_tablet=\u00a0\u00bb<\/p>\n<p data-start=%2265%22 data-end=%22189%22>Le <strong data-start=%2268%22 data-end=%2288%22>balayage min\u00e9ral<\/strong> est une technique d\u2019\u00e9claircissement <strong data-start=%22125%22 data-end=%22186%22>respectueuse de la fibre capillaire et de l\u2019environnement<\/strong>.<\/p>\n<p data-start=%22191%22 data-end=%22462%22>Contrairement aux d\u00e9colorations classiques, notre poudre d\u00e9colorante est enrichie en <strong data-start=%22279%22 data-end=%22335%22>silice min\u00e9rale, poudre de diamant et argile blanche<\/strong>, des \u00e9l\u00e9ments naturels qui aident \u00e0 <strong data-start=%22372%22 data-end=%22416%22>ouvrir les \u00e9cailles du cheveu en douceur<\/strong> et \u00e0 faciliter l\u2019oxydation sans l\u2019agresser.<\/p>\n<p data-start=%22464%22 data-end=%22802%22><strong data-start=%22466%22 data-end=%22511%22>Un \u00e9claircissement progressif et ma\u00eetris\u00e9<\/strong><br data-start=%22511%22 data-end=%22514%22 \/>Gr\u00e2ce \u00e0 cette m\u00e9thode, l\u2019\u00e9claircissement se fait <strong data-start=%22563%22 data-end=%22577%22>en douceur<\/strong>, pr\u00e9servant la structure du cheveu tout en obtenant des <strong data-start=%22634%22 data-end=%22666%22>tons tr\u00e8s clairs et lumineux<\/strong>. Nous utilisons des <strong data-start=%22687%22 data-end=%22725%22>techniques pr\u00e9cises et minutieuses<\/strong> pour un r\u00e9sultat naturel, subtil et parfaitement adapt\u00e9 \u00e0 votre chevelure.<\/p>\n<p data-start=%22914%22 data-end=%221037%22 data-is-last-node=%22%22>\u00a0\u00bb content_phone=\u00a0\u00bb<\/p>\n<p data-start=%2265%22 data-end=%22189%22 style=%22text-align: center;%22>Le <strong data-start=%2268%22 data-end=%2288%22>balayage min\u00e9ral<\/strong> est une technique d\u2019\u00e9claircissement <strong data-start=%22125%22 data-end=%22186%22>respectueuse de la fibre capillaire et de l\u2019environnement<\/strong>.<\/p>\n<p data-start=%22191%22 data-end=%22462%22 style=%22text-align: center;%22>Contrairement aux d\u00e9colorations classiques, notre poudre d\u00e9colorante est enrichie en <strong data-start=%22279%22 data-end=%22335%22>silice min\u00e9rale, poudre de diamant et argile blanche<\/strong>, des \u00e9l\u00e9ments naturels qui aident \u00e0 <strong data-start=%22372%22 data-end=%22416%22>ouvrir les \u00e9cailles du cheveu en douceur<\/strong> et \u00e0 faciliter l\u2019oxydation sans l\u2019agresser.<\/p>\n<p data-start=%22464%22 data-end=%22802%22 style=%22text-align: center;%22><strong data-start=%22466%22 data-end=%22511%22>Un \u00e9claircissement progressif et ma\u00eetris\u00e9<\/strong><br data-start=%22511%22 data-end=%22514%22 \/>Gr\u00e2ce \u00e0 cette m\u00e9thode, l\u2019\u00e9claircissement se fait <strong data-start=%22563%22 data-end=%22577%22>en douceur<\/strong>, pr\u00e9servant la structure du cheveu tout en obtenant des <strong data-start=%22634%22 data-end=%22666%22>tons tr\u00e8s clairs et lumineux<\/strong>. Nous utilisons des <strong data-start=%22687%22 data-end=%22725%22>techniques pr\u00e9cises et minutieuses<\/strong> pour un r\u00e9sultat naturel, subtil et parfaitement adapt\u00e9 \u00e0 votre chevelure.<\/p>\n<p data-start=%22914%22 data-end=%221037%22 data-is-last-node=%22%22 style=%22text-align: center;%22>\u00a0\u00bb content_last_edited=\u00a0\u00bbon|phone\u00a0\u00bb _builder_version=\u00a0\u00bb4.18.0&Prime; _module_preset=\u00a0\u00bbdefault\u00a0\u00bb custom_margin=\u00a0\u00bb144px|0px|||false|false\u00a0\u00bb custom_margin_tablet=\u00a0\u00bb144px|0px|||false|false\u00a0\u00bb custom_margin_phone=\u00a0\u00bb0px|0px|||false|false\u00a0\u00bb custom_margin_last_edited=\u00a0\u00bbon|phone\u00a0\u00bb custom_padding=\u00a0\u00bb||0px|||\u00a0\u00bb global_colors_info=\u00a0\u00bb{}\u00a0\u00bb]<\/p>\n<p data-start=\"65\" data-end=\"189\">Le <strong data-start=\"68\" data-end=\"88\">balayage min\u00e9ral<\/strong> est une technique d\u2019\u00e9claircissement <strong data-start=\"125\" data-end=\"186\">respectueuse de la fibre capillaire et de l\u2019environnement<\/strong>.<\/p>\n<p data-start=\"191\" data-end=\"462\">Contrairement aux d\u00e9colorations classiques, notre poudre d\u00e9colorante est enrichie en <strong data-start=\"279\" data-end=\"335\">silice min\u00e9rale, poudre de diamant et argile blanche<\/strong>, des \u00e9l\u00e9ments naturels qui aident \u00e0 <strong data-start=\"372\" data-end=\"416\">ouvrir les \u00e9cailles du cheveu en douceur<\/strong> et \u00e0 faciliter l\u2019oxydation sans l\u2019agresser.<\/p>\n<p data-start=\"464\" data-end=\"802\"><strong data-start=\"466\" data-end=\"511\">Un \u00e9claircissement progressif et ma\u00eetris\u00e9<\/strong><br data-start=\"511\" data-end=\"514\" \/>Gr\u00e2ce \u00e0 cette m\u00e9thode, l\u2019\u00e9claircissement se fait <strong data-start=\"563\" data-end=\"577\">en douceur<\/strong>, pr\u00e9servant la structure du cheveu tout en obtenant des <strong data-start=\"634\" data-end=\"666\">tons tr\u00e8s clairs et lumineux<\/strong>. Nous utilisons des <strong data-start=\"687\" data-end=\"725\">techniques pr\u00e9cises et minutieuses<\/strong> pour un r\u00e9sultat naturel, subtil et parfaitement adapt\u00e9 \u00e0 votre chevelure.<\/p>\n<p data-start=\"914\" data-end=\"1037\" data-is-last-node=\"\">[\/et_pb_text][\/et_pb_column][\/et_pb_row][\/et_pb_section][et_pb_section fb_built=\u00a0\u00bb1&Prime; module_id=\u00a0\u00bbhomme\u00a0\u00bb _builder_version=\u00a0\u00bb4.18.0&Prime; _module_preset=\u00a0\u00bbdefault\u00a0\u00bb background_color=\u00a0\u00bb#F4E0D3&Prime; global_colors_info=\u00a0\u00bb{}\u00a0\u00bb][et_pb_row _builder_version=\u00a0\u00bb4.18.0&Prime; _module_preset=\u00a0\u00bbdefault\u00a0\u00bb custom_padding=\u00a0\u00bb||0px|||\u00a0\u00bb global_colors_info=\u00a0\u00bb{}\u00a0\u00bb][et_pb_column type=\u00a0\u00bb4_4&Prime; _builder_version=\u00a0\u00bb4.18.0&Prime; _module_preset=\u00a0\u00bbdefault\u00a0\u00bb global_colors_info=\u00a0\u00bb{}\u00a0\u00bb][et_pb_text content_tablet=\u00a0\u00bb<\/p>\n<h1 style=%22text-align: left;%22>L&rsquo;homme<\/h1>\n<p>\u00a0\u00bb content_phone=\u00a0\u00bb<\/p>\n<h1 style=%22text-align: center;%22>L&rsquo;homme<\/h1>\n<p>\u00a0\u00bb content_last_edited=\u00a0\u00bbon|phone\u00a0\u00bb disabled_on=\u00a0\u00bboff|off|off\u00a0\u00bb _builder_version=\u00a0\u00bb4.18.0&Prime; _module_preset=\u00a0\u00bbdefault\u00a0\u00bb text_font_size=\u00a0\u00bb38px\u00a0\u00bb header_font_size=\u00a0\u00bb57px\u00a0\u00bb custom_margin=\u00a0\u00bb-29px||15px|36px|false|false\u00a0\u00bb custom_margin_tablet=\u00a0\u00bb-29px||15px|36px|false|false\u00a0\u00bb custom_margin_phone=\u00a0\u00bb-43px||5px|0px|false|false\u00a0\u00bb custom_margin_last_edited=\u00a0\u00bbon|phone\u00a0\u00bb header_font_size_tablet=\u00a0\u00bb57px\u00a0\u00bb header_font_size_phone=\u00a0\u00bb42px\u00a0\u00bb header_font_size_last_edited=\u00a0\u00bbon|phone\u00a0\u00bb global_colors_info=\u00a0\u00bb{}\u00a0\u00bb]<\/p>\n<h1 style=\"text-align: left;\">L&rsquo;homme<\/h1>\n<p>[\/et_pb_text][\/et_pb_column][\/et_pb_row][et_pb_row column_structure=\u00a0\u00bb1_2,1_2&Prime; _builder_version=\u00a0\u00bb4.18.0&Prime; _module_preset=\u00a0\u00bbdefault\u00a0\u00bb custom_margin_tablet=\u00a0\u00bb\u00a0\u00bb custom_margin_phone=\u00a0\u00bb-42px||||false|false\u00a0\u00bb custom_margin_last_edited=\u00a0\u00bbon|phone\u00a0\u00bb custom_padding=\u00a0\u00bb0px|||||\u00a0\u00bb global_colors_info=\u00a0\u00bb{}\u00a0\u00bb][et_pb_column type=\u00a0\u00bb1_2&Prime; _builder_version=\u00a0\u00bb4.18.0&Prime; _module_preset=\u00a0\u00bbdefault\u00a0\u00bb global_colors_info=\u00a0\u00bb{}\u00a0\u00bb][et_pb_image src=\u00a0\u00bbhttps:\/\/atelier-green-concept.fr\/wp-content\/uploads\/2025\/02\/Lhomme.png\u00a0\u00bb alt=\u00a0\u00bbColoration v\u00e9g\u00e9tale\u00a0\u00bb title_text=\u00a0\u00bbL&rsquo;homme\u00a0\u00bb _builder_version=\u00a0\u00bb4.18.0&Prime; _module_preset=\u00a0\u00bbdefault\u00a0\u00bb custom_margin=\u00a0\u00bb17px|||0px|false|false\u00a0\u00bb custom_padding=\u00a0\u00bb|||0px|false|false\u00a0\u00bb global_colors_info=\u00a0\u00bb{}\u00a0\u00bb][\/et_pb_image][\/et_pb_column][et_pb_column type=\u00a0\u00bb1_2&Prime; _builder_version=\u00a0\u00bb4.18.0&Prime; _module_preset=\u00a0\u00bbdefault\u00a0\u00bb global_colors_info=\u00a0\u00bb{}\u00a0\u00bb][et_pb_text content_tablet=\u00a0\u00bb<\/p>\n<p data-start=%2260%22 data-end=%22209%22><strong data-start=%2260%22 data-end=%2273%22>Messieurs<\/strong>, notre salon vous r\u00e9serve un espace privil\u00e9gi\u00e9 pour l\u2019entretien de votre <strong data-start=%22147%22 data-end=%22174%22>barbe et de vos cheveux<\/strong>, alliant tradition et modernit\u00e9.<\/p>\n<p data-start=%22211%22 data-end=%22509%22><strong data-start=%22214%22 data-end=%22261%22>Un service barbier dans les r\u00e8gles de l\u2019art<\/strong><br data-start=%22261%22 data-end=%22264%22 \/>Nous vous proposons la <strong data-start=%22287%22 data-end=%22323%22>taille et le rasage traditionnel<\/strong>, r\u00e9alis\u00e9s avec pr\u00e9cision et savoir-faire. Besoin de conseils ? Nous serons ravis de vous guider sur <strong data-start=%22424%22 data-end=%22452%22>l\u2019entretien et les soins<\/strong> adapt\u00e9s pour une barbe soign\u00e9e et un style impeccable.<\/p>\n<p data-start=%22511%22 data-end=%22767%22><strong data-start=%22517%22 data-end=%22558%22>Des coupes adapt\u00e9es \u00e0 tous les styles<\/strong><br data-start=%22558%22 data-end=%22561%22 \/>Que vous portiez les cheveux <strong data-start=%22590%22 data-end=%22609%22>longs ou courts<\/strong>, que vous recherchiez une <strong data-start=%22636%22 data-end=%22698%22>coupe classique, moderne, un d\u00e9grad\u00e9 am\u00e9ricain ou un taper<\/strong>, nous ma\u00eetrisons toutes les techniques pour r\u00e9pondre \u00e0 vos envies.<\/p>\n<p data-start=%22769%22 data-end=%22829%22 data-is-last-node=%22%22>\u00a0\u00bb content_phone=\u00a0\u00bb<\/p>\n<p data-start=%2260%22 data-end=%22209%22 style=%22text-align: center;%22><strong data-start=%2260%22 data-end=%2273%22>Messieurs<\/strong>, notre salon vous r\u00e9serve un espace privil\u00e9gi\u00e9 pour l\u2019entretien de votre <strong data-start=%22147%22 data-end=%22174%22>barbe et de vos cheveux<\/strong>, alliant tradition et modernit\u00e9.<\/p>\n<p data-start=%22211%22 data-end=%22509%22 style=%22text-align: center;%22><strong data-start=%22214%22 data-end=%22261%22>Un service barbier dans les r\u00e8gles de l\u2019art<\/strong><br data-start=%22261%22 data-end=%22264%22 \/>Nous vous proposons la <strong data-start=%22287%22 data-end=%22323%22>taille et le rasage traditionnel<\/strong>, r\u00e9alis\u00e9s avec pr\u00e9cision et savoir-faire. Besoin de conseils ? Nous serons ravis de vous guider sur <strong data-start=%22424%22 data-end=%22452%22>l\u2019entretien et les soins<\/strong> adapt\u00e9s pour une barbe soign\u00e9e et un style impeccable.<\/p>\n<p data-start=%22511%22 data-end=%22767%22 style=%22text-align: center;%22><strong data-start=%22517%22 data-end=%22558%22>Des coupes adapt\u00e9es \u00e0 tous les styles<\/strong><br data-start=%22558%22 data-end=%22561%22 \/>Que vous portiez les cheveux <strong data-start=%22590%22 data-end=%22609%22>longs ou courts<\/strong>, que vous recherchiez une <strong data-start=%22636%22 data-end=%22698%22>coupe classique, moderne, un d\u00e9grad\u00e9 am\u00e9ricain ou un taper<\/strong>, nous ma\u00eetrisons toutes les techniques pour r\u00e9pondre \u00e0 vos envies.<\/p>\n<p data-start=%22769%22 data-end=%22829%22 data-is-last-node=%22%22 style=%22text-align: center;%22>\u00a0\u00bb content_last_edited=\u00a0\u00bbon|phone\u00a0\u00bb _builder_version=\u00a0\u00bb4.18.0&Prime; _module_preset=\u00a0\u00bbdefault\u00a0\u00bb custom_margin=\u00a0\u00bb144px|0px|||false|false\u00a0\u00bb custom_margin_tablet=\u00a0\u00bb144px|0px|||false|false\u00a0\u00bb custom_margin_phone=\u00a0\u00bb0px|0px|-55px||false|false\u00a0\u00bb custom_margin_last_edited=\u00a0\u00bbon|phone\u00a0\u00bb custom_padding=\u00a0\u00bb||0px|||\u00a0\u00bb global_colors_info=\u00a0\u00bb{}\u00a0\u00bb]<\/p>\n<p data-start=\"60\" data-end=\"209\"><strong data-start=\"60\" data-end=\"73\">Messieurs<\/strong>, notre salon vous r\u00e9serve un espace privil\u00e9gi\u00e9 pour l\u2019entretien de votre <strong data-start=\"147\" data-end=\"174\">barbe et de vos cheveux<\/strong>, alliant tradition et modernit\u00e9.<\/p>\n<p data-start=\"211\" data-end=\"509\"><strong data-start=\"214\" data-end=\"261\">Un service barbier dans les r\u00e8gles de l\u2019art<\/strong><br data-start=\"261\" data-end=\"264\" \/>Nous vous proposons la <strong data-start=\"287\" data-end=\"323\">taille et le rasage traditionnel<\/strong>, r\u00e9alis\u00e9s avec pr\u00e9cision et savoir-faire. Besoin de conseils ? Nous serons ravis de vous guider sur <strong data-start=\"424\" data-end=\"452\">l\u2019entretien et les soins<\/strong> adapt\u00e9s pour une barbe soign\u00e9e et un style impeccable.<\/p>\n<p data-start=\"511\" data-end=\"767\"><strong data-start=\"517\" data-end=\"558\">Des coupes adapt\u00e9es \u00e0 tous les styles<\/strong><br data-start=\"558\" data-end=\"561\" \/>Que vous portiez les cheveux <strong data-start=\"590\" data-end=\"609\">longs ou courts<\/strong>, que vous recherchiez une <strong data-start=\"636\" data-end=\"698\">coupe classique, moderne, un d\u00e9grad\u00e9 am\u00e9ricain ou un taper<\/strong>, nous ma\u00eetrisons toutes les techniques pour r\u00e9pondre \u00e0 vos envies.<\/p>\n<p data-start=\"769\" data-end=\"829\" data-is-last-node=\"\">[\/et_pb_text][\/et_pb_column][\/et_pb_row][\/et_pb_section][et_pb_section fb_built=\u00a0\u00bb1&Prime; module_id=\u00a0\u00bbevenements\u00a0\u00bb _builder_version=\u00a0\u00bb4.18.0&Prime; _module_preset=\u00a0\u00bbdefault\u00a0\u00bb background_color=\u00a0\u00bb#FFFFFF\u00a0\u00bb global_colors_info=\u00a0\u00bb{}\u00a0\u00bb][et_pb_row _builder_version=\u00a0\u00bb4.18.0&Prime; _module_preset=\u00a0\u00bbdefault\u00a0\u00bb custom_padding=\u00a0\u00bb||0px|||\u00a0\u00bb global_colors_info=\u00a0\u00bb{}\u00a0\u00bb][et_pb_column type=\u00a0\u00bb4_4&Prime; _builder_version=\u00a0\u00bb4.18.0&Prime; _module_preset=\u00a0\u00bbdefault\u00a0\u00bb global_colors_info=\u00a0\u00bb{}\u00a0\u00bb][et_pb_text content_tablet=\u00a0\u00bb<\/p>\n<h1 style=%22text-align: left;%22>Coiffures d\u2019\u00e9v\u00e8nements<\/h1>\n<p>\u00a0\u00bb content_phone=\u00a0\u00bb<\/p>\n<h1 style=%22text-align: center;%22>Coiffures d\u2019\u00e9v\u00e8nements<\/h1>\n<p>\u00a0\u00bb content_last_edited=\u00a0\u00bbon|phone\u00a0\u00bb disabled_on=\u00a0\u00bboff|off|off\u00a0\u00bb _builder_version=\u00a0\u00bb4.18.0&Prime; _module_preset=\u00a0\u00bbdefault\u00a0\u00bb text_font_size=\u00a0\u00bb38px\u00a0\u00bb header_font_size=\u00a0\u00bb57px\u00a0\u00bb custom_margin=\u00a0\u00bb-29px||15px|36px|false|false\u00a0\u00bb custom_margin_tablet=\u00a0\u00bb-29px||15px|36px|false|false\u00a0\u00bb custom_margin_phone=\u00a0\u00bb-43px||5px|0px|false|false\u00a0\u00bb custom_margin_last_edited=\u00a0\u00bbon|phone\u00a0\u00bb header_font_size_tablet=\u00a0\u00bb57px\u00a0\u00bb header_font_size_phone=\u00a0\u00bb42px\u00a0\u00bb header_font_size_last_edited=\u00a0\u00bbon|phone\u00a0\u00bb global_colors_info=\u00a0\u00bb{}\u00a0\u00bb]<\/p>\n<h1 style=\"text-align: left;\">Coiffures d\u2019\u00e9v\u00e8nements<\/h1>\n<p>[\/et_pb_text][\/et_pb_column][\/et_pb_row][et_pb_row column_structure=\u00a0\u00bb1_2,1_2&Prime; _builder_version=\u00a0\u00bb4.18.0&Prime; _module_preset=\u00a0\u00bbdefault\u00a0\u00bb custom_margin_tablet=\u00a0\u00bb\u00a0\u00bb custom_margin_phone=\u00a0\u00bb-42px||||false|false\u00a0\u00bb custom_margin_last_edited=\u00a0\u00bbon|phone\u00a0\u00bb custom_padding=\u00a0\u00bb0px|||||\u00a0\u00bb global_colors_info=\u00a0\u00bb{}\u00a0\u00bb][et_pb_column type=\u00a0\u00bb1_2&Prime; _builder_version=\u00a0\u00bb4.18.0&Prime; _module_preset=\u00a0\u00bbdefault\u00a0\u00bb global_colors_info=\u00a0\u00bb{}\u00a0\u00bb][et_pb_image src=\u00a0\u00bbhttps:\/\/atelier-green-concept.fr\/wp-content\/uploads\/2025\/02\/coiffures-devenements.png\u00a0\u00bb alt=\u00a0\u00bbColoration v\u00e9g\u00e9tale\u00a0\u00bb title_text=\u00a0\u00bbcoiffures devenements\u00a0\u00bb _builder_version=\u00a0\u00bb4.18.0&Prime; _module_preset=\u00a0\u00bbdefault\u00a0\u00bb custom_margin=\u00a0\u00bb17px|||0px|false|false\u00a0\u00bb custom_padding=\u00a0\u00bb|||0px|false|false\u00a0\u00bb global_colors_info=\u00a0\u00bb{}\u00a0\u00bb][\/et_pb_image][\/et_pb_column][et_pb_column type=\u00a0\u00bb1_2&Prime; _builder_version=\u00a0\u00bb4.18.0&Prime; _module_preset=\u00a0\u00bbdefault\u00a0\u00bb global_colors_info=\u00a0\u00bb{}\u00a0\u00bb][et_pb_text content_tablet=\u00a0\u00bb<\/p>\n<p data-start=%2264%22 data-end=%22259%22><strong data-start=%2264%22 data-end=%2276%22>Mesdames<\/strong>, que vous soyez la <strong data-start=%2296%22 data-end=%22113%22>reine du jour<\/strong> ou une <strong data-start=%22121%22 data-end=%22142%22>invit\u00e9e d\u2019honneur<\/strong>, nous r\u00e9alisons des <strong data-start=%22163%22 data-end=%22187%22>coiffures sur-mesure<\/strong>, en parfaite harmonie avec vos envies et le th\u00e8me de votre \u00e9v\u00e9nement.<\/p>\n<p data-start=%22261%22 data-end=%22475%22><strong data-start=%22267%22 data-end=%22301%22>Chignons &#038; Attaches sur-mesure<\/strong><br data-start=%22301%22 data-end=%22304%22 \/>Vous r\u00eavez d\u2019un style <strong data-start=%22326%22 data-end=%22377%22>glamour, chic, boh\u00e8me, sophistiqu\u00e9 ou classique<\/strong> ? Nous cr\u00e9ons la coiffure qui sublimera votre tenue et mettra en valeur votre beaut\u00e9 naturelle.<\/p>\n<p data-start=%22477%22 data-end=%22628%22><strong data-start=%22480%22 data-end=%22514%22>Un accompagnement personnalis\u00e9<\/strong><br data-start=%22514%22 data-end=%22517%22 \/>Parlez-nous de votre projet, nous serons ravies de vous conseiller et de vous guider vers la coiffure id\u00e9ale.<\/p>\n<p data-start=%22630%22 data-end=%22811%22><strong data-start=%22633%22 data-end=%22672%22>Pour les petites princesses aussi !<\/strong><br data-start=%22672%22 data-end=%22675%22 \/>Nous proposons \u00e9galement des coiffures \u00e9l\u00e9gantes et adapt\u00e9es aux enfants, pour qu\u2019elles aussi brillent lors de cette journ\u00e9e sp\u00e9ciale.<\/p>\n<p data-start=%22914%22 data-end=%221037%22 data-is-last-node=%22%22>\u00a0\u00bb content_phone=\u00a0\u00bb<\/p>\n<p data-start=%2264%22 data-end=%22259%22 style=%22text-align: center;%22><strong data-start=%2264%22 data-end=%2276%22>Mesdames<\/strong>, que vous soyez la <strong data-start=%2296%22 data-end=%22113%22>reine du jour<\/strong> ou une <strong data-start=%22121%22 data-end=%22142%22>invit\u00e9e d\u2019honneur<\/strong>, nous r\u00e9alisons des <strong data-start=%22163%22 data-end=%22187%22>coiffures sur-mesure<\/strong>, en parfaite harmonie avec vos envies et le th\u00e8me de votre \u00e9v\u00e9nement.<\/p>\n<p data-start=%22261%22 data-end=%22475%22 style=%22text-align: center;%22><strong data-start=%22267%22 data-end=%22301%22>Chignons &#038; Attaches sur-mesure<\/strong><br data-start=%22301%22 data-end=%22304%22 \/>Vous r\u00eavez d\u2019un style <strong data-start=%22326%22 data-end=%22377%22>glamour, chic, boh\u00e8me, sophistiqu\u00e9 ou classique<\/strong> ? Nous cr\u00e9ons la coiffure qui sublimera votre tenue et mettra en valeur votre beaut\u00e9 naturelle.<\/p>\n<p data-start=%22477%22 data-end=%22628%22 style=%22text-align: center;%22><strong data-start=%22480%22 data-end=%22514%22>Un accompagnement personnalis\u00e9<\/strong><br data-start=%22514%22 data-end=%22517%22 \/>Parlez-nous de votre projet, nous serons ravies de vous conseiller et de vous guider vers la coiffure id\u00e9ale.<\/p>\n<p data-start=%22630%22 data-end=%22811%22 style=%22text-align: center;%22><strong data-start=%22633%22 data-end=%22672%22>Pour les petites princesses aussi !<\/strong><br data-start=%22672%22 data-end=%22675%22 \/>Nous proposons \u00e9galement des coiffures \u00e9l\u00e9gantes et adapt\u00e9es aux enfants, pour qu\u2019elles aussi brillent lors de cette journ\u00e9e sp\u00e9ciale.<\/p>\n<p data-start=%22914%22 data-end=%221037%22 data-is-last-node=%22%22 style=%22text-align: center;%22>\u00a0\u00bb content_last_edited=\u00a0\u00bbon|phone\u00a0\u00bb _builder_version=\u00a0\u00bb4.18.0&Prime; _module_preset=\u00a0\u00bbdefault\u00a0\u00bb custom_margin=\u00a0\u00bb144px|0px|||false|false\u00a0\u00bb custom_margin_tablet=\u00a0\u00bb144px|0px|||false|false\u00a0\u00bb custom_margin_phone=\u00a0\u00bb0px|0px|-96px||false|false\u00a0\u00bb custom_margin_last_edited=\u00a0\u00bbon|phone\u00a0\u00bb custom_padding=\u00a0\u00bb||0px|||\u00a0\u00bb global_colors_info=\u00a0\u00bb{}\u00a0\u00bb]<\/p>\n<p data-start=\"64\" data-end=\"259\"><strong data-start=\"64\" data-end=\"76\">Mesdames<\/strong>, que vous soyez la <strong data-start=\"96\" data-end=\"113\">reine du jour<\/strong> ou une <strong data-start=\"121\" data-end=\"142\">invit\u00e9e d\u2019honneur<\/strong>, nous r\u00e9alisons des <strong data-start=\"163\" data-end=\"187\">coiffures sur-mesure<\/strong>, en parfaite harmonie avec vos envies et le th\u00e8me de votre \u00e9v\u00e9nement.<\/p>\n<p data-start=\"261\" data-end=\"475\"><strong data-start=\"267\" data-end=\"301\">Chignons &amp; Attaches sur-mesure<\/strong><br data-start=\"301\" data-end=\"304\" \/>Vous r\u00eavez d\u2019un style <strong data-start=\"326\" data-end=\"377\">glamour, chic, boh\u00e8me, sophistiqu\u00e9 ou classique<\/strong> ? Nous cr\u00e9ons la coiffure qui sublimera votre tenue et mettra en valeur votre beaut\u00e9 naturelle.<\/p>\n<p data-start=\"477\" data-end=\"628\"><strong data-start=\"480\" data-end=\"514\">Un accompagnement personnalis\u00e9<\/strong><br data-start=\"514\" data-end=\"517\" \/>Parlez-nous de votre projet, nous serons ravies de vous conseiller et de vous guider vers la coiffure id\u00e9ale.<\/p>\n<p data-start=\"630\" data-end=\"811\"><strong data-start=\"633\" data-end=\"672\">Pour les petites princesses aussi !<\/strong><br data-start=\"672\" data-end=\"675\" \/>Nous proposons \u00e9galement des coiffures \u00e9l\u00e9gantes et adapt\u00e9es aux enfants, pour qu\u2019elles aussi brillent lors de cette journ\u00e9e sp\u00e9ciale.<\/p>\n<p data-start=\"914\" data-end=\"1037\" data-is-last-node=\"\">[\/et_pb_text][\/et_pb_column][\/et_pb_row][\/et_pb_section][et_pb_section fb_built=\u00a0\u00bb1&Prime; module_id=\u00a0\u00bbheadspa\u00a0\u00bb _builder_version=\u00a0\u00bb4.18.0&Prime; _module_preset=\u00a0\u00bbdefault\u00a0\u00bb background_color=\u00a0\u00bb#F4E0D3&Prime; global_colors_info=\u00a0\u00bb{}\u00a0\u00bb][et_pb_row _builder_version=\u00a0\u00bb4.18.0&Prime; _module_preset=\u00a0\u00bbdefault\u00a0\u00bb custom_padding=\u00a0\u00bb||0px|||\u00a0\u00bb global_colors_info=\u00a0\u00bb{}\u00a0\u00bb][et_pb_column type=\u00a0\u00bb4_4&Prime; _builder_version=\u00a0\u00bb4.18.0&Prime; _module_preset=\u00a0\u00bbdefault\u00a0\u00bb global_colors_info=\u00a0\u00bb{}\u00a0\u00bb][et_pb_text content_tablet=\u00a0\u00bb<\/p>\n<h1 style=%22text-align: left;%22>L&rsquo;homme<\/h1>\n<p>\u00a0\u00bb content_phone=\u00a0\u00bb<\/p>\n<h1 style=%22text-align: center;%22>Le Head Spa japonais<\/h1>\n<p>\u00a0\u00bb content_last_edited=\u00a0\u00bbon|phone\u00a0\u00bb disabled_on=\u00a0\u00bboff|off|off\u00a0\u00bb _builder_version=\u00a0\u00bb4.18.0&Prime; _module_preset=\u00a0\u00bbdefault\u00a0\u00bb text_font_size=\u00a0\u00bb38px\u00a0\u00bb header_font_size=\u00a0\u00bb57px\u00a0\u00bb custom_margin=\u00a0\u00bb-29px||15px|36px|false|false\u00a0\u00bb custom_margin_tablet=\u00a0\u00bb-29px||15px|36px|false|false\u00a0\u00bb custom_margin_phone=\u00a0\u00bb-43px||5px|0px|false|false\u00a0\u00bb custom_margin_last_edited=\u00a0\u00bbon|phone\u00a0\u00bb header_font_size_tablet=\u00a0\u00bb57px\u00a0\u00bb header_font_size_phone=\u00a0\u00bb42px\u00a0\u00bb header_font_size_last_edited=\u00a0\u00bbon|phone\u00a0\u00bb global_colors_info=\u00a0\u00bb{}\u00a0\u00bb]<\/p>\n<h1 style=\"text-align: left;\">Le Head Spa japonais<\/h1>\n<p>[\/et_pb_text][\/et_pb_column][\/et_pb_row][et_pb_row column_structure=\u00a0\u00bb1_2,1_2&Prime; _builder_version=\u00a0\u00bb4.18.0&Prime; _module_preset=\u00a0\u00bbdefault\u00a0\u00bb custom_margin_tablet=\u00a0\u00bb\u00a0\u00bb custom_margin_phone=\u00a0\u00bb-42px||||false|false\u00a0\u00bb custom_margin_last_edited=\u00a0\u00bbon|phone\u00a0\u00bb custom_padding=\u00a0\u00bb0px|||||\u00a0\u00bb global_colors_info=\u00a0\u00bb{}\u00a0\u00bb][et_pb_column type=\u00a0\u00bb1_2&Prime; _builder_version=\u00a0\u00bb4.18.0&Prime; _module_preset=\u00a0\u00bbdefault\u00a0\u00bb global_colors_info=\u00a0\u00bb{}\u00a0\u00bb][et_pb_image src=\u00a0\u00bbhttps:\/\/atelier-green-concept.fr\/wp-content\/uploads\/2025\/02\/Design-sans-titre-11-1.png\u00a0\u00bb alt=\u00a0\u00bbHead spa\u00a0\u00bb title_text=\u00a0\u00bbHead spa\u00a0\u00bb _builder_version=\u00a0\u00bb4.18.0&Prime; _module_preset=\u00a0\u00bbdefault\u00a0\u00bb custom_margin=\u00a0\u00bb17px|||0px|false|false\u00a0\u00bb custom_padding=\u00a0\u00bb|||0px|false|false\u00a0\u00bb global_colors_info=\u00a0\u00bb{}\u00a0\u00bb][\/et_pb_image][\/et_pb_column][et_pb_column type=\u00a0\u00bb1_2&Prime; _builder_version=\u00a0\u00bb4.18.0&Prime; _module_preset=\u00a0\u00bbdefault\u00a0\u00bb global_colors_info=\u00a0\u00bb{}\u00a0\u00bb][et_pb_text content_tablet=\u00a0\u00bb<\/p>\n<p data-start=%2260%22 data-end=%22209%22><strong data-start=%2260%22 data-end=%2273%22>Messieurs<\/strong>, notre salon vous r\u00e9serve un espace privil\u00e9gi\u00e9 pour l\u2019entretien de votre <strong data-start=%22147%22 data-end=%22174%22>barbe et de vos cheveux<\/strong>, alliant tradition et modernit\u00e9.<\/p>\n<p data-start=%22211%22 data-end=%22509%22><strong data-start=%22214%22 data-end=%22261%22>Un service barbier dans les r\u00e8gles de l\u2019art<\/strong><br data-start=%22261%22 data-end=%22264%22 \/>Nous vous proposons la <strong data-start=%22287%22 data-end=%22323%22>taille et le rasage traditionnel<\/strong>, r\u00e9alis\u00e9s avec pr\u00e9cision et savoir-faire. Besoin de conseils ? Nous serons ravis de vous guider sur <strong data-start=%22424%22 data-end=%22452%22>l\u2019entretien et les soins<\/strong> adapt\u00e9s pour une barbe soign\u00e9e et un style impeccable.<\/p>\n<p data-start=%22511%22 data-end=%22767%22><strong data-start=%22517%22 data-end=%22558%22>Des coupes adapt\u00e9es \u00e0 tous les styles<\/strong><br data-start=%22558%22 data-end=%22561%22 \/>Que vous portiez les cheveux <strong data-start=%22590%22 data-end=%22609%22>longs ou courts<\/strong>, que vous recherchiez une <strong data-start=%22636%22 data-end=%22698%22>coupe classique, moderne, un d\u00e9grad\u00e9 am\u00e9ricain ou un taper<\/strong>, nous ma\u00eetrisons toutes les techniques pour r\u00e9pondre \u00e0 vos envies.<\/p>\n<p data-start=%22769%22 data-end=%22829%22 data-is-last-node=%22%22>\u00a0\u00bb content_phone=\u00a0\u00bb<\/p>\n<p data-start=%2261%22 data-end=%22250%22 style=%22text-align: center;%22>D\u00e9couvrez le<span> <\/span><strong data-start=%2274%22 data-end=%2295%22>Head Spa japonais<\/strong>, un rituel de bien-\u00eatre venu tout droit du Japon, combinant<span> <\/span><strong data-start=%22156%22 data-end=%22247%22>pressions cibl\u00e9es, stimulations, vapeur et massages du cuir chevelu et du haut du corps<\/strong>.<\/p>\n<p style=%22text-align: center;%22><strong data-start=%22258%22 data-end=%22287%22>Les bienfaits du Head Spa<\/strong><span> <\/span>:<\/p>\n<ul style=%22text-align: center;%22>\n<li><strong data-start=%22295%22 data-end=%22314%22>D\u00e9tente absolue<\/strong><span> <\/span>et r\u00e9duction du stress<\/li>\n<li><strong data-start=%22343%22 data-end=%22374%22>Stimulation du cuir chevelu<\/strong>, favorisant la pousse des cheveux<\/li>\n<li><strong data-start=%22414%22 data-end=%22448%22>Purification et revitalisation<\/strong><span> <\/span>du cuir chevelu<\/li>\n<li><strong data-start=%22470%22 data-end=%22513%22>Am\u00e9lioration de la circulation sanguine<\/strong>, pour une chevelure plus forte et en meilleure sant\u00e9<\/li>\n<li><strong data-start=%22572%22 data-end=%22606%22>Meilleure absorption des soins<\/strong><span> <\/span>gr\u00e2ce \u00e0 la vapeur<\/li>\n<\/ul>\n<p data-start=%22628%22 data-end=%22785%22 style=%22text-align: center;%22>V\u00e9ritable alli\u00e9 pour vos cheveux, votre cuir chevelu et votre esprit, le<span> <\/span><strong data-start=%22701%22 data-end=%22713%22>Head Spa<\/strong><span> <\/span>est une exp\u00e9rience unique qui allie relaxation et soin en profondeur.<\/p>\n<p>\u00a0\u00bb content_last_edited=\u00a0\u00bbon|phone\u00a0\u00bb _builder_version=\u00a0\u00bb4.18.0&Prime; _module_preset=\u00a0\u00bbdefault\u00a0\u00bb custom_margin=\u00a0\u00bb144px|0px|||false|false\u00a0\u00bb custom_margin_tablet=\u00a0\u00bb144px|0px|||false|false\u00a0\u00bb custom_margin_phone=\u00a0\u00bb0px|0px|-55px||false|false\u00a0\u00bb custom_margin_last_edited=\u00a0\u00bbon|phone\u00a0\u00bb custom_padding=\u00a0\u00bb||0px|||\u00a0\u00bb global_colors_info=\u00a0\u00bb{}\u00a0\u00bb]<\/p>\n<p data-start=\"61\" data-end=\"250\">D\u00e9couvrez le <strong data-start=\"74\" data-end=\"95\">Head Spa japonais<\/strong>, un rituel de bien-\u00eatre venu tout droit du Japon, combinant <strong data-start=\"156\" data-end=\"247\">pressions cibl\u00e9es, stimulations, vapeur et massages du cuir chevelu et du haut du corps<\/strong>.<\/p>\n<p><strong data-start=\"258\" data-end=\"287\">Les bienfaits du Head Spa<\/strong> :<\/p>\n<ul>\n<li><strong data-start=\"295\" data-end=\"314\">D\u00e9tente absolue<\/strong> et r\u00e9duction du stress<\/li>\n<li><strong data-start=\"343\" data-end=\"374\">Stimulation du cuir chevelu<\/strong>, favorisant la pousse des cheveux<\/li>\n<li><strong data-start=\"414\" data-end=\"448\">Purification et revitalisation<\/strong> du cuir chevelu<\/li>\n<li><strong data-start=\"470\" data-end=\"513\">Am\u00e9lioration de la circulation sanguine<\/strong>, pour une chevelure plus forte et en meilleure sant\u00e9<\/li>\n<li><strong data-start=\"572\" data-end=\"606\">Meilleure absorption des soins<\/strong> gr\u00e2ce \u00e0 la vapeur<\/li>\n<\/ul>\n<p data-start=\"628\" data-end=\"785\">V\u00e9ritable alli\u00e9 pour vos cheveux, votre cuir chevelu et votre esprit, le <strong data-start=\"701\" data-end=\"713\">Head Spa<\/strong> est une exp\u00e9rience unique qui allie relaxation et soin en profondeur.<\/p>\n<p data-start=\"769\" data-end=\"829\" data-is-last-node=\"\">\n<p>[\/et_pb_text][\/et_pb_column][\/et_pb_row][\/et_pb_section]<\/p>\n","protected":false},"excerpt":{"rendered":"<p>Nos prestationsLa coloration v\u00e9g\u00e9taleD\u00e9couvrez la coloration v\u00e9g\u00e9tale, une alternative 100% naturelle pour sublimer vos cheveux tout en respectant leur sant\u00e9 et l\u2019environnement. Contrairement aux colorations chimiques, la coloration v\u00e9g\u00e9tale est compos\u00e9e exclusivement de poudres de plantes tinctoriales et d\u2019eau. Ces plantes, issues de racines, feuilles, pistils, baies ou p\u00e9tales, sont r\u00e9colt\u00e9es avec soin, s\u00e9ch\u00e9es au [&hellip;]<\/p>\n","protected":false},"author":1,"featured_media":0,"parent":0,"menu_order":0,"comment_status":"closed","ping_status":"closed","template":"","meta":{"_seopress_robots_primary_cat":"","_seopress_titles_title":"","_seopress_titles_desc":"","_seopress_robots_index":"","_et_pb_use_builder":"on","_et_pb_old_content":"","_et_gb_content_width":"","om_disable_all_campaigns":false,"_monsterinsights_skip_tracking":false,"_monsterinsights_sitenote_active":false,"_monsterinsights_sitenote_note":"","_monsterinsights_sitenote_category":0,"_kadence_starter_templates_imported_post":false,"footnotes":""},"class_list":["post-1142","page","type-page","status-publish","hentry"],"_links":{"self":[{"href":"https:\/\/atelier-green-concept.fr\/index.php\/wp-json\/wp\/v2\/pages\/1142","targetHints":{"allow":["GET"]}}],"collection":[{"href":"https:\/\/atelier-green-concept.fr\/index.php\/wp-json\/wp\/v2\/pages"}],"about":[{"href":"https:\/\/atelier-green-concept.fr\/index.php\/wp-json\/wp\/v2\/types\/page"}],"author":[{"embeddable":true,"href":"https:\/\/atelier-green-concept.fr\/index.php\/wp-json\/wp\/v2\/users\/1"}],"replies":[{"embeddable":true,"href":"https:\/\/atelier-green-concept.fr\/index.php\/wp-json\/wp\/v2\/comments?post=1142"}],"version-history":[{"count":9,"href":"https:\/\/atelier-green-concept.fr\/index.php\/wp-json\/wp\/v2\/pages\/1142\/revisions"}],"predecessor-version":[{"id":1210,"href":"https:\/\/atelier-green-concept.fr\/index.php\/wp-json\/wp\/v2\/pages\/1142\/revisions\/1210"}],"wp:attachment":[{"href":"https:\/\/atelier-green-concept.fr\/index.php\/wp-json\/wp\/v2\/media?parent=1142"}],"curies":[{"name":"wp","href":"https:\/\/api.w.org\/{rel}","templated":true}]}}