{"id":1117,"date":"2025-02-17T13:49:34","date_gmt":"2025-02-17T12:49:34","guid":{"rendered":"https:\/\/atelier-green-concept.fr\/?page_id=1117"},"modified":"2025-09-19T07:13:46","modified_gmt":"2025-09-19T05:13:46","slug":"accueil","status":"publish","type":"page","link":"https:\/\/atelier-green-concept.fr\/","title":{"rendered":"Accueil"},"content":{"rendered":"<p>[et_pb_section fb_built=\u00a0\u00bb1&Prime; _builder_version=\u00a0\u00bb4.18.0&Prime; _module_preset=\u00a0\u00bbdefault\u00a0\u00bb background_image=\u00a0\u00bbhttps:\/\/atelier-green-concept.fr\/wp-content\/uploads\/2025\/02\/Design-sans-titre-10-1.png\u00a0\u00bb global_colors_info=\u00a0\u00bb{}\u00a0\u00bb][et_pb_row _builder_version=\u00a0\u00bb4.18.0&Prime; _module_preset=\u00a0\u00bbdefault\u00a0\u00bb custom_padding=\u00a0\u00bb196px|||||\u00a0\u00bb global_colors_info=\u00a0\u00bb{}\u00a0\u00bb][et_pb_column type=\u00a0\u00bb4_4&Prime; _builder_version=\u00a0\u00bb4.18.0&Prime; _module_preset=\u00a0\u00bbdefault\u00a0\u00bb global_colors_info=\u00a0\u00bb{}\u00a0\u00bb][et_pb_text _builder_version=\u00a0\u00bb4.18.0&Prime; _module_preset=\u00a0\u00bbdefault\u00a0\u00bb text_font=\u00a0\u00bbAladin|700|||||||\u00a0\u00bb text_text_color=\u00a0\u00bb#FFFFFF\u00a0\u00bb text_font_size=\u00a0\u00bb82px\u00a0\u00bb text_letter_spacing=\u00a0\u00bb2px\u00a0\u00bb text_orientation=\u00a0\u00bbcenter\u00a0\u00bb custom_margin_tablet=\u00a0\u00bb\u00a0\u00bb custom_margin_phone=\u00a0\u00bb-175px||||false|false\u00a0\u00bb custom_margin_last_edited=\u00a0\u00bbon|phone\u00a0\u00bb text_font_size_tablet=\u00a0\u00bb82px\u00a0\u00bb text_font_size_phone=\u00a0\u00bb62px\u00a0\u00bb text_font_size_last_edited=\u00a0\u00bbon|phone\u00a0\u00bb text_letter_spacing_tablet=\u00a0\u00bb2px\u00a0\u00bb text_letter_spacing_phone=\u00a0\u00bb2px\u00a0\u00bb text_letter_spacing_last_edited=\u00a0\u00bbon|phone\u00a0\u00bb text_line_height_tablet=\u00a0\u00bb\u00a0\u00bb text_line_height_phone=\u00a0\u00bb1em\u00a0\u00bb text_line_height_last_edited=\u00a0\u00bbon|phone\u00a0\u00bb header_font_size_tablet=\u00a0\u00bb\u00a0\u00bb header_font_size_phone=\u00a0\u00bb10px\u00a0\u00bb header_font_size_last_edited=\u00a0\u00bbon|phone\u00a0\u00bb global_colors_info=\u00a0\u00bb{}\u00a0\u00bb]<\/p>\n<p>L&rsquo;atelier Green Concept<\/p>\n<p>[\/et_pb_text][et_pb_text _builder_version=\u00a0\u00bb4.18.0&Prime; _module_preset=\u00a0\u00bbdefault\u00a0\u00bb text_font=\u00a0\u00bbAbel|||on|||||\u00a0\u00bb text_text_color=\u00a0\u00bb#FFFFFF\u00a0\u00bb text_font_size=\u00a0\u00bb25px\u00a0\u00bb text_orientation=\u00a0\u00bbcenter\u00a0\u00bb custom_margin=\u00a0\u00bb53px||||false|false\u00a0\u00bb text_font_size_tablet=\u00a0\u00bb25px\u00a0\u00bb text_font_size_phone=\u00a0\u00bb20px\u00a0\u00bb text_font_size_last_edited=\u00a0\u00bbon|phone\u00a0\u00bb global_colors_info=\u00a0\u00bb{}\u00a0\u00bb]<\/p>\n<p><span class=\"OYPEnA font-feature-liga-off font-feature-clig-off font-feature-calt-off text-decoration-none text-strikethrough-none\">Salon de coiffure v\u00e9g\u00e9tal, alternatif et \u00e9coresponsable<\/span><\/p>\n<p>[\/et_pb_text][et_pb_text _builder_version=\u00a0\u00bb4.18.0&Prime; _module_preset=\u00a0\u00bbdefault\u00a0\u00bb text_text_color=\u00a0\u00bb#FFFFFF\u00a0\u00bb text_font_size=\u00a0\u00bb17px\u00a0\u00bb text_orientation=\u00a0\u00bbcenter\u00a0\u00bb text_font_size_tablet=\u00a0\u00bb17px\u00a0\u00bb text_font_size_phone=\u00a0\u00bb17px\u00a0\u00bb text_font_size_last_edited=\u00a0\u00bbon|phone\u00a0\u00bb global_colors_info=\u00a0\u00bb{}\u00a0\u00bb]<\/p>\n<p class=\"wp-block-heading has-text-color has-link-color wp-elements-6bab50e9a19cb40fd9cd25b4c1934a33\"><span style=\"font-size: large;\">L\u2019Atelier Green Concept, c\u2019est une rencontre respectueuse entre l\u2019environnement et la beaut\u00e9 durable. <\/span><br \/><span style=\"font-size: large;\">Cocon de convivialit\u00e9 et professionnalisme sont les ma\u00eetres mots de cet espace.<\/span><\/p>\n<p>[\/et_pb_text][\/et_pb_column][\/et_pb_row][et_pb_row column_structure=\u00a0\u00bb1_2,1_2&Prime; _builder_version=\u00a0\u00bb4.18.0&Prime; _module_preset=\u00a0\u00bbdefault\u00a0\u00bb custom_margin_tablet=\u00a0\u00bb\u00a0\u00bb custom_margin_phone=\u00a0\u00bb\u00a0\u00bb custom_margin_last_edited=\u00a0\u00bbon|phone\u00a0\u00bb custom_padding=\u00a0\u00bb15px||5px||false|false\u00a0\u00bb global_colors_info=\u00a0\u00bb{}\u00a0\u00bb custom_margin__hover_enabled=\u00a0\u00bbon|desktop\u00a0\u00bb][et_pb_column type=\u00a0\u00bb1_2&Prime; _builder_version=\u00a0\u00bb4.18.0&Prime; _module_preset=\u00a0\u00bbdefault\u00a0\u00bb global_colors_info=\u00a0\u00bb{}\u00a0\u00bb][et_pb_button button_url=\u00a0\u00bbtel:0980844340&Prime; button_text=\u00a0\u00bb09 80 84 43 40&Prime; button_alignment=\u00a0\u00bbright\u00a0\u00bb button_alignment_tablet=\u00a0\u00bbright\u00a0\u00bb button_alignment_phone=\u00a0\u00bbcenter\u00a0\u00bb button_alignment_last_edited=\u00a0\u00bbon|phone\u00a0\u00bb _builder_version=\u00a0\u00bb4.18.0&Prime; _module_preset=\u00a0\u00bbdefault\u00a0\u00bb custom_button=\u00a0\u00bbon\u00a0\u00bb button_text_color=\u00a0\u00bb#393C3E\u00a0\u00bb button_bg_color=\u00a0\u00bb#F4E0D3&Prime; button_border_width=\u00a0\u00bb0px\u00a0\u00bb button_border_radius=\u00a0\u00bb66px\u00a0\u00bb button_font=\u00a0\u00bbAbel|700|||||||\u00a0\u00bb button_icon=\u00a0\u00bb&#xe090;||divi||400&Prime; button_icon_placement=\u00a0\u00bbleft\u00a0\u00bb button_on_hover=\u00a0\u00bboff\u00a0\u00bb button_text_size_tablet=\u00a0\u00bb\u00a0\u00bb button_text_size_phone=\u00a0\u00bb15px\u00a0\u00bb button_text_size_last_edited=\u00a0\u00bbon|phone\u00a0\u00bb global_colors_info=\u00a0\u00bb{}\u00a0\u00bb][\/et_pb_button][\/et_pb_column][et_pb_column type=\u00a0\u00bb1_2&Prime; _builder_version=\u00a0\u00bb4.18.0&Prime; _module_preset=\u00a0\u00bbdefault\u00a0\u00bb global_colors_info=\u00a0\u00bb{}\u00a0\u00bb][et_pb_button button_url=\u00a0\u00bbhttps:\/\/www.planity.com\/latelier-green-concept-77120-coulommiers\u00a0\u00bb url_new_window=\u00a0\u00bbon\u00a0\u00bb button_text=\u00a0\u00bbPRENDRE RENDEZ-VOUS\u00a0\u00bb button_alignment=\u00a0\u00bbleft\u00a0\u00bb button_alignment_tablet=\u00a0\u00bbleft\u00a0\u00bb button_alignment_phone=\u00a0\u00bbcenter\u00a0\u00bb button_alignment_last_edited=\u00a0\u00bbon|phone\u00a0\u00bb _builder_version=\u00a0\u00bb4.18.0&Prime; _module_preset=\u00a0\u00bbdefault\u00a0\u00bb custom_button=\u00a0\u00bbon\u00a0\u00bb button_text_color=\u00a0\u00bb#393C3E\u00a0\u00bb button_bg_color=\u00a0\u00bb#F4E0D3&Prime; button_border_width=\u00a0\u00bb0px\u00a0\u00bb button_border_radius=\u00a0\u00bb66px\u00a0\u00bb button_font=\u00a0\u00bbAbel|700|||||||\u00a0\u00bb button_icon=\u00a0\u00bb&#xf133;||fa||900&Prime; button_icon_placement=\u00a0\u00bbleft\u00a0\u00bb button_on_hover=\u00a0\u00bboff\u00a0\u00bb button_text_size_tablet=\u00a0\u00bb\u00a0\u00bb button_text_size_phone=\u00a0\u00bb15px\u00a0\u00bb button_text_size_last_edited=\u00a0\u00bbon|phone\u00a0\u00bb global_colors_info=\u00a0\u00bb{}\u00a0\u00bb][\/et_pb_button][\/et_pb_column][\/et_pb_row][\/et_pb_section][et_pb_section fb_built=\u00a0\u00bb1&Prime; _builder_version=\u00a0\u00bb4.18.0&Prime; _module_preset=\u00a0\u00bbdefault\u00a0\u00bb background_color=\u00a0\u00bb#F4E0D3&Prime; global_colors_info=\u00a0\u00bb{}\u00a0\u00bb][et_pb_row column_structure=\u00a0\u00bb1_2,1_2&Prime; _builder_version=\u00a0\u00bb4.18.0&Prime; _module_preset=\u00a0\u00bbdefault\u00a0\u00bb custom_margin_tablet=\u00a0\u00bb\u00a0\u00bb custom_margin_phone=\u00a0\u00bb-42px||||false|false\u00a0\u00bb custom_margin_last_edited=\u00a0\u00bbon|phone\u00a0\u00bb custom_padding=\u00a0\u00bb38px|||||\u00a0\u00bb global_colors_info=\u00a0\u00bb{}\u00a0\u00bb][et_pb_column type=\u00a0\u00bb1_2&Prime; _builder_version=\u00a0\u00bb4.18.0&Prime; _module_preset=\u00a0\u00bbdefault\u00a0\u00bb global_colors_info=\u00a0\u00bb{}\u00a0\u00bb][et_pb_text disabled_on=\u00a0\u00bboff|on|on\u00a0\u00bb _builder_version=\u00a0\u00bb4.18.0&Prime; _module_preset=\u00a0\u00bbdefault\u00a0\u00bb header_font_size=\u00a0\u00bb38px\u00a0\u00bb custom_margin=\u00a0\u00bb-5px||4px||false|false\u00a0\u00bb global_colors_info=\u00a0\u00bb{}\u00a0\u00bb]<\/p>\n<h1 style=\"text-align: center;\">L&rsquo;histoire de l&rsquo;Atelier Green Concept<\/h1>\n<p>[\/et_pb_text][et_pb_image src=\u00a0\u00bbhttps:\/\/atelier-green-concept.fr\/wp-content\/uploads\/2025\/02\/Vickie-et-Carole-Atelier-green-concept-1.png\u00a0\u00bb title_text=\u00a0\u00bbVickie et Carole &#8211; Atelier green concept\u00a0\u00bb _builder_version=\u00a0\u00bb4.18.0&Prime; _module_preset=\u00a0\u00bbdefault\u00a0\u00bb global_colors_info=\u00a0\u00bb{}\u00a0\u00bb][\/et_pb_image][\/et_pb_column][et_pb_column type=\u00a0\u00bb1_2&Prime; _builder_version=\u00a0\u00bb4.18.0&Prime; _module_preset=\u00a0\u00bbdefault\u00a0\u00bb global_colors_info=\u00a0\u00bb{}\u00a0\u00bb][et_pb_text disabled_on=\u00a0\u00bbon|off|off\u00a0\u00bb _builder_version=\u00a0\u00bb4.18.0&Prime; _module_preset=\u00a0\u00bbdefault\u00a0\u00bb header_font_size=\u00a0\u00bb38px\u00a0\u00bb custom_margin=\u00a0\u00bb-5px||4px||false|false\u00a0\u00bb global_colors_info=\u00a0\u00bb{}\u00a0\u00bb]<\/p>\n<h1 style=\"text-align: center;\">L&rsquo;histoire de l&rsquo;Atelier Green Concept<\/h1>\n<p>[\/et_pb_text][et_pb_text _builder_version=\u00a0\u00bb4.18.0&Prime; _module_preset=\u00a0\u00bbdefault\u00a0\u00bb custom_margin=\u00a0\u00bb|0px|||false|false\u00a0\u00bb custom_padding=\u00a0\u00bb||0px|||\u00a0\u00bb global_colors_info=\u00a0\u00bb{}\u00a0\u00bb]<\/p>\n<p data-start=\"154\" data-end=\"263\" style=\"text-align: center;\">Vickie et Carole, deux s\u0153urs complices aux personnalit\u00e9s contrast\u00e9es, mais incroyablement compl\u00e9mentaires !<\/p>\n<p data-start=\"154\" data-end=\"263\" style=\"text-align: center;\">Forte de plus de 20 ans d\u2019exp\u00e9rience dans la coiffure, Vickie imagine un salon qui lui ressemble : un espace v\u00e9g\u00e9tal, chaleureux et respectueux de ses valeurs. L\u2019id\u00e9e germe, et Carole, alors commerciale talentueuse et engag\u00e9e, d\u00e9cide de se reconvertir pour donner vie \u00e0 ce projet aux c\u00f4t\u00e9s de sa s\u0153ur.<\/p>\n<p data-start=\"570\" data-end=\"874\" style=\"text-align: center;\">Ensemble, nous avons con\u00e7u un univers naturel o\u00f9 chaque d\u00e9tail compte : des plantes qui apportent s\u00e9r\u00e9nit\u00e9, du bois et des m\u00e9taux recycl\u00e9s pour une d\u00e9co authentique et un mobilier soigneusement s\u00e9lectionn\u00e9, parfois restaur\u00e9 et personnalis\u00e9 par nos soins\u2026 avec un coup de main pr\u00e9cieux de notre famille.<\/p>\n<p data-start=\"876\" data-end=\"1070\" style=\"text-align: center;\">En juin 2021, apr\u00e8s seulement deux semaines de travaux et beaucoup d\u2019amour, <strong data-start=\"952\" data-end=\"979\">L\u2019Atelier Green Concept<\/strong> ouvre ses portes. Un immense merci \u00e0 nos proches qui ont rendu cette aventure possible !<\/p>\n<p data-start=\"1072\" data-end=\"1175\" style=\"text-align: center;\">Nous avons h\u00e2te de vous accueillir dans ce cocon o\u00f9 bien-\u00eatre, nature et coiffure ne font qu\u2019un.<\/p>\n<p>[\/et_pb_text][\/et_pb_column][\/et_pb_row][\/et_pb_section][et_pb_section fb_built=\u00a0\u00bb1&Prime; _builder_version=\u00a0\u00bb4.18.0&Prime; _module_preset=\u00a0\u00bbdefault\u00a0\u00bb background_image=\u00a0\u00bbhttps:\/\/atelier-green-concept.fr\/wp-content\/uploads\/2024\/02\/IMG_3419.jpg\u00a0\u00bb background_position=\u00a0\u00bbbottom_left\u00a0\u00bb background_last_edited=\u00a0\u00bbon|phone\u00a0\u00bb background_image_phone=\u00a0\u00bbhttps:\/\/atelier-green-concept.fr\/wp-content\/uploads\/2025\/02\/IMG_3592-1-scaled-1.jpg\u00a0\u00bb background_enable_image_phone=\u00a0\u00bbon\u00a0\u00bb background_size_phone=\u00a0\u00bbcustom\u00a0\u00bb global_colors_info=\u00a0\u00bb{}\u00a0\u00bb][et_pb_row column_structure=\u00a0\u00bb1_2,1_2&Prime; _builder_version=\u00a0\u00bb4.18.0&Prime; _module_preset=\u00a0\u00bbdefault\u00a0\u00bb global_colors_info=\u00a0\u00bb{}\u00a0\u00bb][et_pb_column type=\u00a0\u00bb1_2&Prime; _builder_version=\u00a0\u00bb4.18.0&Prime; _module_preset=\u00a0\u00bbdefault\u00a0\u00bb background_color=\u00a0\u00bb#F4E0D3&Prime; custom_padding=\u00a0\u00bb33px|39px|33px|39px|true|true\u00a0\u00bb border_radii=\u00a0\u00bboff|250px|250px||\u00a0\u00bb global_colors_info=\u00a0\u00bb{}\u00a0\u00bb][et_pb_text _builder_version=\u00a0\u00bb4.18.0&Prime; _module_preset=\u00a0\u00bbdefault\u00a0\u00bb header_font_size=\u00a0\u00bb39px\u00a0\u00bb custom_margin=\u00a0\u00bb27px|17px||17px|false|true\u00a0\u00bb global_colors_info=\u00a0\u00bb{}\u00a0\u00bb]<\/p>\n<h1 style=\"text-align: center;\"><span class=\"OYPEnA font-feature-liga-off font-feature-clig-off font-feature-calt-off text-decoration-none text-strikethrough-none\">Notre engagement<\/span><\/h1>\n<p class=\"cvGsUA direction-ltr align-center para-style-body\" style=\"text-align: center;\"><span class=\"OYPEnA font-feature-liga-off font-feature-clig-off font-feature-calt-off text-decoration-none text-strikethrough-none\">Nous avons \u00e0 c\u0153ur de vous offrir des prestations de qualit\u00e9 avec des produits respectueux de l\u2019Homme et de l\u2019environnement. R\u00e9guli\u00e8rement form\u00e9s aux derni\u00e8res tendances, nous vous garantissons un service \u00e0 la pointe de l&rsquo;innovation.<\/span><\/p>\n<p class=\"cvGsUA direction-ltr align-center para-style-body\" style=\"text-align: center;\"><span class=\"OYPEnA font-feature-liga-off font-feature-clig-off font-feature-calt-off text-decoration-none text-strikethrough-none\">Chaque client \u00e9tant unique, le diagnostic est une \u00e9tape essentielle pour vous proposer des soins adapt\u00e9s. Ici, vous trouverez bien plus qu\u2019un simple service : un accueil chaleureux, une \u00e9coute attentive et un v\u00e9ritable savoir-faire.<\/span><\/p>\n<p class=\"cvGsUA direction-ltr align-center para-style-body\" style=\"text-align: center;\"><span class=\"OYPEnA font-feature-liga-off font-feature-clig-off font-feature-calt-off text-decoration-none text-strikethrough-none\">Pour rendre votre visite encore plus agr\u00e9able, nous vous offrons th\u00e9 ou caf\u00e9. Un espace de travail avec WiFi est \u00e0 disposition pour ceux qui le souhaitent, tandis que magazines et livres invitent \u00e0 la d\u00e9tente.<\/span><\/p>\n<p class=\"cvGsUA direction-ltr align-center para-style-body\" style=\"text-align: center;\"><span class=\"OYPEnA font-feature-liga-off font-feature-clig-off font-feature-calt-off text-decoration-none text-strikethrough-none\">Dans notre salon intimiste et relaxant, nous cultivons une philosophie de bienveillance et de professionnalisme. Plus qu\u2019un rendez-vous, un moment rien que pour vous.<\/span><\/p>\n<p>[\/et_pb_text][\/et_pb_column][et_pb_column type=\u00a0\u00bb1_2&Prime; _builder_version=\u00a0\u00bb4.18.0&Prime; _module_preset=\u00a0\u00bbdefault\u00a0\u00bb background_color=\u00a0\u00bb#F4E0D3&Prime; custom_padding=\u00a0\u00bb33px|39px|33px|39px|true|true\u00a0\u00bb border_radii=\u00a0\u00bboff|250px|250px||\u00a0\u00bb global_colors_info=\u00a0\u00bb{}\u00a0\u00bb][et_pb_text _builder_version=\u00a0\u00bb4.18.0&Prime; _module_preset=\u00a0\u00bbdefault\u00a0\u00bb header_font_size=\u00a0\u00bb39px\u00a0\u00bb custom_margin=\u00a0\u00bb27px|17px|38px|17px|false|true\u00a0\u00bb custom_margin_tablet=\u00a0\u00bb27px|17px|38px|17px|false|true\u00a0\u00bb custom_margin_phone=\u00a0\u00bb27px|17px|38px|17px|false|true\u00a0\u00bb custom_margin_last_edited=\u00a0\u00bbon|desktop\u00a0\u00bb global_colors_info=\u00a0\u00bb{}\u00a0\u00bb]<\/p>\n<h1 style=\"text-align: center;\"><span class=\"OYPEnA font-feature-liga-off font-feature-clig-off font-feature-calt-off text-decoration-none text-strikethrough-none\">Nos valeurs<\/span><\/h1>\n<p class=\"cvGsUA direction-ltr align-center para-style-body\" style=\"text-align: center;\"><span class=\"OYPEnA font-feature-liga-off font-feature-clig-off font-feature-calt-off text-decoration-none text-strikethrough-none\">Nous nous engageons pour la sant\u00e9 de nos clients, de nos collaborateurs et de la plan\u00e8te. Nous travaillons avec des marques fran\u00e7aises privil\u00e9giant des formules naturelles et une chimie raisonn\u00e9e pour pr\u00e9server votre bien-\u00eatre et celui de vos cheveux.<\/span><\/p>\n<p class=\"cvGsUA direction-ltr align-center para-style-body\" style=\"text-align: center;\"><strong><span class=\"OYPEnA font-feature-liga-off font-feature-clig-off font-feature-calt-off text-decoration-none text-strikethrough-none\">Nous agissons aussi pour le recyclage :<\/span><\/strong><\/p>\n<ul style=\"text-align: center;\">\n<li><span class=\"OYPEnA font-feature-liga-off font-feature-clig-off font-feature-calt-off text-decoration-none text-strikethrough-none\">100 % des cheveux coup\u00e9s sont recycl\u00e9s avec Coiffeurs Justes pour d\u00e9polluer les oc\u00e9ans.<\/span><\/li>\n<li><span class=\"OYPEnA font-feature-liga-off font-feature-clig-off font-feature-calt-off text-decoration-none text-strikethrough-none\">Nous soutenons Fake Hair Don\u2019t Care, qui transforme les dons de cheveux en perruques solidaires.<\/span><\/li>\n<li><span class=\"OYPEnA font-feature-liga-off font-feature-clig-off font-feature-calt-off text-decoration-none text-strikethrough-none\">Nos produits sont disponibles en recharges, et nous utilisons des mat\u00e9riaux r\u00e9utilisables pour limiter les d\u00e9chets.<\/span><\/li>\n<\/ul>\n<p class=\"cvGsUA direction-ltr align-center para-style-body\" style=\"text-align: center;\"><span class=\"OYPEnA font-feature-liga-off font-feature-clig-off font-feature-calt-off text-decoration-none text-strikethrough-none\">Chaque geste compte, et nous sommes fiers d\u2019agir pour un avenir plus responsable.<\/span><\/p>\n<p>[\/et_pb_text][\/et_pb_column][\/et_pb_row][\/et_pb_section][et_pb_section fb_built=\u00a0\u00bb1&Prime; _builder_version=\u00a0\u00bb4.18.0&Prime; _module_preset=\u00a0\u00bbdefault\u00a0\u00bb global_colors_info=\u00a0\u00bb{}\u00a0\u00bb][et_pb_row _builder_version=\u00a0\u00bb4.18.0&Prime; _module_preset=\u00a0\u00bbdefault\u00a0\u00bb custom_padding=\u00a0\u00bb||0px|||\u00a0\u00bb global_colors_info=\u00a0\u00bb{}\u00a0\u00bb][et_pb_column type=\u00a0\u00bb4_4&Prime; _builder_version=\u00a0\u00bb4.18.0&Prime; _module_preset=\u00a0\u00bbdefault\u00a0\u00bb global_colors_info=\u00a0\u00bb{}\u00a0\u00bb][et_pb_text _builder_version=\u00a0\u00bb4.18.0&Prime; _module_preset=\u00a0\u00bbdefault\u00a0\u00bb header_font_size=\u00a0\u00bb38px\u00a0\u00bb custom_margin=\u00a0\u00bb-5px||4px||false|false\u00a0\u00bb global_colors_info=\u00a0\u00bb{}\u00a0\u00bb]<\/p>\n<h1 style=\"text-align: center;\">Les fondatrices<\/h1>\n<p>[\/et_pb_text][\/et_pb_column][\/et_pb_row][et_pb_row column_structure=\u00a0\u00bb1_2,1_2&Prime; _builder_version=\u00a0\u00bb4.18.0&Prime; _module_preset=\u00a0\u00bbdefault\u00a0\u00bb global_colors_info=\u00a0\u00bb{}\u00a0\u00bb][et_pb_column type=\u00a0\u00bb1_2&Prime; _builder_version=\u00a0\u00bb4.18.0&Prime; _module_preset=\u00a0\u00bbdefault\u00a0\u00bb global_colors_info=\u00a0\u00bb{}\u00a0\u00bb][et_pb_image src=\u00a0\u00bbhttps:\/\/atelier-green-concept.fr\/wp-content\/uploads\/2025\/02\/Design-sans-titre-9.png\u00a0\u00bb alt=\u00a0\u00bbPhoto Vickie\u00a0\u00bb title_text=\u00a0\u00bbPhoto Vickie\u00a0\u00bb _builder_version=\u00a0\u00bb4.18.0&Prime; _module_preset=\u00a0\u00bbdefault\u00a0\u00bb custom_margin=\u00a0\u00bb-43px||||false|false\u00a0\u00bb custom_margin_tablet=\u00a0\u00bb-43px||||false|false\u00a0\u00bb custom_margin_phone=\u00a0\u00bb-13px||||false|false\u00a0\u00bb custom_margin_last_edited=\u00a0\u00bbon|phone\u00a0\u00bb global_colors_info=\u00a0\u00bb{}\u00a0\u00bb][\/et_pb_image][\/et_pb_column][et_pb_column type=\u00a0\u00bb1_2&Prime; _builder_version=\u00a0\u00bb4.18.0&Prime; _module_preset=\u00a0\u00bbdefault\u00a0\u00bb global_colors_info=\u00a0\u00bb{}\u00a0\u00bb][et_pb_text content_tablet=\u00a0\u00bb<\/p>\n<h3><strong><em>Vickie<\/em><\/strong><\/h3>\n<p><em>J\u2019ai commenc\u00e9 \u00e0 15 ans dans ce m\u00e9tier, j\u2019ai aujourd\u2019hui 35 ans\u2026 Mais What !? \u00c7a fait 20 ans !!! Apr\u00e8s un cursus relativement classique, j\u2019ai obtenu mon CAP puis mon BP et cinq ans plus tard mon Brevet de ma\u00eetrise\u202f! J\u2019ai aujourd\u2019hui le titre prestigieux de Ma\u00eetre Artisan.<\/em><\/p>\n<p><em>Je suis d\u00e9crite par mes proches comme \u00e9tant bienveillante, g\u00e9n\u00e9reuse et sympa \u00e0 mes heures perdues\u202f! Motiv\u00e9e comme au premier jour pour m\u2019occuper de vos cheveux, en coupe ou en technique\u202f! J\u2019aime la diversit\u00e9, de ce fait, j\u2019appr\u00e9cie de tout faire pour ne pas me lasser. J\u2019adore les formations, car j\u2019estime qu\u2019on a jamais fini d\u2019apprendre, et je suis toujours plus que reboost\u00e9e apr\u00e8s avoir appris de nouvelles choses\u202f!<\/em><\/p>\n<p><em>J\u2019accompagne avec grand plaisir chaque ann\u00e9e des apprentis, mon plus grand accomplissement dans ce m\u00e9tier est la transmission de mon savoir. Aussi, et surtout parce que je suis une Madame tout le monde, j\u2019ai des passions au-del\u00e0 de mon m\u00e9tier, j\u2019aime voyager pour d\u00e9couvrir le monde, danser la salsa et par-dessus tout, j&rsquo;aime la vie\u202f!<\/em><\/p>\n<p>\u00a0\u00bb content_phone=\u00a0\u00bb<\/p>\n<h3 style=%22text-align: center;%22><strong><em>Vickie<\/em><\/strong><\/h3>\n<p style=%22text-align: center;%22><em>J\u2019ai commenc\u00e9 \u00e0 15 ans dans ce m\u00e9tier, j\u2019ai aujourd\u2019hui 35 ans\u2026 Mais What !? \u00c7a fait 20 ans !!! Apr\u00e8s un cursus relativement classique, j\u2019ai obtenu mon CAP puis mon BP et cinq ans plus tard mon Brevet de ma\u00eetrise\u202f! J\u2019ai aujourd\u2019hui le titre prestigieux de Ma\u00eetre Artisan.<\/em><\/p>\n<p style=%22text-align: center;%22><em>Je suis d\u00e9crite par mes proches comme \u00e9tant bienveillante, g\u00e9n\u00e9reuse et sympa \u00e0 mes heures perdues\u202f! Motiv\u00e9e comme au premier jour pour m\u2019occuper de vos cheveux, en coupe ou en technique\u202f! J\u2019aime la diversit\u00e9, de ce fait, j\u2019appr\u00e9cie de tout faire pour ne pas me lasser. J\u2019adore les formations, car j\u2019estime qu\u2019on a jamais fini d\u2019apprendre, et je suis toujours plus que reboost\u00e9e apr\u00e8s avoir appris de nouvelles choses\u202f!<\/em><\/p>\n<p style=%22text-align: center;%22><em>J\u2019accompagne avec grand plaisir chaque ann\u00e9e des apprentis, mon plus grand accomplissement dans ce m\u00e9tier est la transmission de mon savoir. Aussi, et surtout parce que je suis une Madame tout le monde, j\u2019ai des passions au-del\u00e0 de mon m\u00e9tier, j\u2019aime voyager pour d\u00e9couvrir le monde, danser la salsa et par-dessus tout, j&rsquo;aime la vie\u202f!<\/em><\/p>\n<p>\u00a0\u00bb content_last_edited=\u00a0\u00bbon|phone\u00a0\u00bb _builder_version=\u00a0\u00bb4.18.0&Prime; _module_preset=\u00a0\u00bbdefault\u00a0\u00bb custom_margin=\u00a0\u00bb20px||||false|false\u00a0\u00bb custom_margin_tablet=\u00a0\u00bb20px||||false|false\u00a0\u00bb custom_margin_phone=\u00a0\u00bb0px||||false|false\u00a0\u00bb custom_margin_last_edited=\u00a0\u00bbon|phone\u00a0\u00bb header_text_align_tablet=\u00a0\u00bb\u00a0\u00bb header_text_align_phone=\u00a0\u00bb\u00a0\u00bb header_text_align_last_edited=\u00a0\u00bbon|phone\u00a0\u00bb global_colors_info=\u00a0\u00bb{}\u00a0\u00bb]<\/p>\n<h3><strong><em>Vickie<\/em><\/strong><\/h3>\n<p><em>J\u2019ai commenc\u00e9 \u00e0 15 ans dans ce m\u00e9tier, j\u2019ai aujourd\u2019hui 35 ans\u2026 Mais What !? \u00c7a fait 20 ans !!! Apr\u00e8s un cursus relativement classique, j\u2019ai obtenu mon CAP puis mon BP et cinq ans plus tard mon Brevet de ma\u00eetrise\u202f! J\u2019ai aujourd\u2019hui le titre prestigieux de Ma\u00eetre Artisan.<\/em><\/p>\n<p><em>Je suis d\u00e9crite par mes proches comme \u00e9tant bienveillante, g\u00e9n\u00e9reuse et sympa \u00e0 mes heures perdues\u202f! Motiv\u00e9e comme au premier jour pour m\u2019occuper de vos cheveux, en coupe ou en technique\u202f! J\u2019aime la diversit\u00e9, de ce fait, j\u2019appr\u00e9cie de tout faire pour ne pas me lasser. J\u2019adore les formations, car j\u2019estime qu\u2019on a jamais fini d\u2019apprendre, et je suis toujours plus que reboost\u00e9e apr\u00e8s avoir appris de nouvelles choses\u202f!<\/em><\/p>\n<p><em>J\u2019accompagne avec grand plaisir chaque ann\u00e9e des apprentis, mon plus grand accomplissement dans ce m\u00e9tier est la transmission de mon savoir. Aussi, et surtout parce que je suis une Madame tout le monde, j\u2019ai des passions au-del\u00e0 de mon m\u00e9tier, j\u2019aime voyager pour d\u00e9couvrir le monde, danser la salsa et par-dessus tout, j&rsquo;aime la vie\u202f!<\/em><\/p>\n<p>[\/et_pb_text][\/et_pb_column][\/et_pb_row][et_pb_row column_structure=\u00a0\u00bb1_2,1_2&Prime; _builder_version=\u00a0\u00bb4.18.0&Prime; _module_preset=\u00a0\u00bbdefault\u00a0\u00bb global_colors_info=\u00a0\u00bb{}\u00a0\u00bb][et_pb_column type=\u00a0\u00bb1_2&Prime; _builder_version=\u00a0\u00bb4.18.0&Prime; _module_preset=\u00a0\u00bbdefault\u00a0\u00bb global_colors_info=\u00a0\u00bb{}\u00a0\u00bb][et_pb_image src=\u00a0\u00bbhttps:\/\/atelier-green-concept.fr\/wp-content\/uploads\/2025\/02\/Carole.png\u00a0\u00bb alt=\u00a0\u00bbPhoto Vickie\u00a0\u00bb title_text=\u00a0\u00bbCarole\u00a0\u00bb disabled_on=\u00a0\u00bboff|on|on\u00a0\u00bb _builder_version=\u00a0\u00bb4.18.0&Prime; _module_preset=\u00a0\u00bbdefault\u00a0\u00bb custom_margin=\u00a0\u00bb-43px||||false|false\u00a0\u00bb global_colors_info=\u00a0\u00bb{}\u00a0\u00bb][\/et_pb_image][et_pb_text content_tablet=\u00a0\u00bb<\/p>\n<h3><strong><em>Carole<\/em><\/strong><\/h3>\n<p><em>Apr\u00e8s 10 ann\u00e9es pass\u00e9es dans la grande distribution en tant que charg\u00e9e de client\u00e8les, j&rsquo;ai d\u00e9cid\u00e9 de me reconvertir dans le domaine de la coiffure, mais pas que\u2026 j&rsquo;ai \u00e9t\u00e9 s\u00e9duite par ce nouveau projet qui \u00e9tait proche de ma philosophie de vie, c&rsquo;est-\u00e0-dire du naturel.<span> <\/span><\/em><\/p>\n<p><em>J\u2019aime en particulier prendre soin de vos cheveux gr\u00e2ce \u00e0 nos protocoles v\u00e9g\u00e9taux ainsi que les massages et de voir les magnifiques r\u00e9sultats et les bienfaits que cela procure.<\/em><\/p>\n<p><em>Pour finir, je rajouterai comme j\u2019aime le dire : la beaut\u00e9 de nos cheveux est le reflet de notre \u00e2me\u202f! Prenez en soin.<\/em><\/p>\n<p>\u00a0\u00bb content_phone=\u00a0\u00bb<\/p>\n<h3 style=%22text-align: center;%22><strong><em>Carole<\/em><\/strong><\/h3>\n<p style=%22text-align: center;%22><em>Apr\u00e8s 10 ann\u00e9es pass\u00e9es dans la grande distribution en tant que charg\u00e9e de client\u00e8les, j&rsquo;ai d\u00e9cid\u00e9 de me reconvertir dans le domaine de la coiffure, mais pas que\u2026 j&rsquo;ai \u00e9t\u00e9 s\u00e9duite par ce nouveau projet qui \u00e9tait proche de ma philosophie de vie, c&rsquo;est-\u00e0-dire du naturel.<span> <\/span><\/em><\/p>\n<p style=%22text-align: center;%22><em>J\u2019aime en particulier prendre soin de vos cheveux gr\u00e2ce \u00e0 nos protocoles v\u00e9g\u00e9taux ainsi que les massages et de voir les magnifiques r\u00e9sultats et les bienfaits que cela procure.<\/em><\/p>\n<p style=%22text-align: center;%22><em>Pour finir, je rajouterai comme j\u2019aime le dire : la beaut\u00e9 de nos cheveux est le reflet de notre \u00e2me\u202f! Prenez en soin.<\/em><\/p>\n<p>\u00a0\u00bb content_last_edited=\u00a0\u00bbon|phone\u00a0\u00bb _builder_version=\u00a0\u00bb4.18.0&Prime; _module_preset=\u00a0\u00bbdefault\u00a0\u00bb custom_margin=\u00a0\u00bb72px|||45px|false|false\u00a0\u00bb custom_margin_tablet=\u00a0\u00bb72px||||false|false\u00a0\u00bb custom_margin_phone=\u00a0\u00bb0px|||0px|false|false\u00a0\u00bb custom_margin_last_edited=\u00a0\u00bbon|phone\u00a0\u00bb global_colors_info=\u00a0\u00bb{}\u00a0\u00bb]<\/p>\n<h3><strong><em>Carole<\/em><\/strong><\/h3>\n<p><em>Apr\u00e8s 10 ann\u00e9es pass\u00e9es dans la grande distribution en tant que charg\u00e9e de client\u00e8les, j&rsquo;ai d\u00e9cid\u00e9 de me reconvertir dans le domaine de la coiffure, mais pas que\u2026 j&rsquo;ai \u00e9t\u00e9 s\u00e9duite par ce nouveau projet qui \u00e9tait proche de ma philosophie de vie, c&rsquo;est-\u00e0-dire du naturel.<span>\u00a0<\/span><\/em><\/p>\n<p><em>J\u2019aime en particulier prendre soin de vos cheveux gr\u00e2ce \u00e0 nos protocoles v\u00e9g\u00e9taux ainsi que les massages et de voir les magnifiques r\u00e9sultats et les bienfaits que cela procure.<\/em><\/p>\n<p><em>Pour finir, je rajouterai comme j\u2019aime le dire : la beaut\u00e9 de nos cheveux est le reflet de notre \u00e2me\u202f! Prenez en soin.<\/em><\/p>\n<p>[\/et_pb_text][\/et_pb_column][et_pb_column type=\u00a0\u00bb1_2&Prime; _builder_version=\u00a0\u00bb4.18.0&Prime; _module_preset=\u00a0\u00bbdefault\u00a0\u00bb global_colors_info=\u00a0\u00bb{}\u00a0\u00bb][et_pb_image src=\u00a0\u00bbhttps:\/\/atelier-green-concept.fr\/wp-content\/uploads\/2025\/02\/Carole.png\u00a0\u00bb alt=\u00a0\u00bbPhoto Vickie\u00a0\u00bb title_text=\u00a0\u00bbCarole\u00a0\u00bb disabled_on=\u00a0\u00bbon|off|off\u00a0\u00bb _builder_version=\u00a0\u00bb4.18.0&Prime; _module_preset=\u00a0\u00bbdefault\u00a0\u00bb custom_margin=\u00a0\u00bb-43px||||false|false\u00a0\u00bb global_colors_info=\u00a0\u00bb{}\u00a0\u00bb][\/et_pb_image][\/et_pb_column][\/et_pb_row][\/et_pb_section][et_pb_section fb_built=\u00a0\u00bb1&Prime; _builder_version=\u00a0\u00bb4.18.0&Prime; background_color=\u00a0\u00bb#F4E0D3&Prime; custom_padding=\u00a0\u00bb|||\u00a0\u00bb locked=\u00a0\u00bboff\u00a0\u00bb global_colors_info=\u00a0\u00bb{}\u00a0\u00bb][et_pb_row _builder_version=\u00a0\u00bb4.18.0&Prime; _module_preset=\u00a0\u00bbdefault\u00a0\u00bb custom_padding=\u00a0\u00bb1px||0px|||\u00a0\u00bb global_colors_info=\u00a0\u00bb{}\u00a0\u00bb][et_pb_column type=\u00a0\u00bb4_4&Prime; _builder_version=\u00a0\u00bb4.18.0&Prime; _module_preset=\u00a0\u00bbdefault\u00a0\u00bb global_colors_info=\u00a0\u00bb{}\u00a0\u00bb][et_pb_text _builder_version=\u00a0\u00bb4.18.0&Prime; _module_preset=\u00a0\u00bbdefault\u00a0\u00bb text_font_size=\u00a0\u00bb45px\u00a0\u00bb header_font_size=\u00a0\u00bb50px\u00a0\u00bb global_colors_info=\u00a0\u00bb{}\u00a0\u00bb]<\/p>\n<h1 style=\"text-align: center;\">Notre univers<\/h1>\n<p>[\/et_pb_text][\/et_pb_column][\/et_pb_row][et_pb_row column_structure=\u00a0\u00bb1_2,1_2&Prime; use_custom_gutter=\u00a0\u00bbon\u00a0\u00bb _builder_version=\u00a0\u00bb4.16&Prime; max_width=\u00a0\u00bb1280px\u00a0\u00bb custom_margin=\u00a0\u00bb|||\u00a0\u00bb custom_padding=\u00a0\u00bb||0px|||\u00a0\u00bb use_custom_width=\u00a0\u00bbon\u00a0\u00bb custom_width_px=\u00a0\u00bb1280px\u00a0\u00bb global_colors_info=\u00a0\u00bb{}\u00a0\u00bb][et_pb_column type=\u00a0\u00bb1_2&Prime; _builder_version=\u00a0\u00bb4.16&Prime; custom_padding=\u00a0\u00bb|||\u00a0\u00bb global_colors_info=\u00a0\u00bb{}\u00a0\u00bb custom_padding__hover=\u00a0\u00bb|||\u00a0\u00bb][et_pb_image src=\u00a0\u00bbhttps:\/\/atelier-green-concept.fr\/wp-content\/uploads\/2025\/02\/Design-sans-titre-4.png\u00a0\u00bb title_text=\u00a0\u00bbDesign sans titre (4)\u00a0\u00bb show_in_lightbox=\u00a0\u00bbon\u00a0\u00bb use_overlay=\u00a0\u00bbon\u00a0\u00bb overlay_icon_color=\u00a0\u00bbrgba(0,0,0,0.22)\u00a0\u00bb hover_overlay_color=\u00a0\u00bbrgba(255,255,255,0.29)\u00a0\u00bb align_tablet=\u00a0\u00bbcenter\u00a0\u00bb align_phone=\u00a0\u00bbcenter\u00a0\u00bb align_last_edited=\u00a0\u00bbon|desktop\u00a0\u00bb _builder_version=\u00a0\u00bb4.18.0&Prime; custom_margin=\u00a0\u00bb||5%||false|false\u00a0\u00bb animation_style=\u00a0\u00bbslide\u00a0\u00bb animation_direction=\u00a0\u00bbbottom\u00a0\u00bb animation_intensity_slide=\u00a0\u00bb4%\u00a0\u00bb global_colors_info=\u00a0\u00bb{}\u00a0\u00bb][\/et_pb_image][et_pb_image src=\u00a0\u00bbhttps:\/\/atelier-green-concept.fr\/wp-content\/uploads\/2025\/02\/Design-sans-titre-7.png\u00a0\u00bb title_text=\u00a0\u00bbDesign sans titre (7)\u00a0\u00bb show_in_lightbox=\u00a0\u00bbon\u00a0\u00bb use_overlay=\u00a0\u00bbon\u00a0\u00bb overlay_icon_color=\u00a0\u00bbrgba(0,0,0,0.22)\u00a0\u00bb hover_overlay_color=\u00a0\u00bbrgba(255,255,255,0.29)\u00a0\u00bb align_tablet=\u00a0\u00bbcenter\u00a0\u00bb align_phone=\u00a0\u00bbcenter\u00a0\u00bb align_last_edited=\u00a0\u00bbon|desktop\u00a0\u00bb _builder_version=\u00a0\u00bb4.18.0&Prime; custom_margin=\u00a0\u00bb||5%||false|false\u00a0\u00bb animation_style=\u00a0\u00bbslide\u00a0\u00bb animation_direction=\u00a0\u00bbbottom\u00a0\u00bb animation_intensity_slide=\u00a0\u00bb4%\u00a0\u00bb locked=\u00a0\u00bboff\u00a0\u00bb global_colors_info=\u00a0\u00bb{}\u00a0\u00bb][\/et_pb_image][et_pb_image src=\u00a0\u00bbhttps:\/\/atelier-green-concept.fr\/wp-content\/uploads\/2025\/02\/Design-sans-titre-9-1.png\u00a0\u00bb title_text=\u00a0\u00bbDesign sans titre (9)\u00a0\u00bb show_in_lightbox=\u00a0\u00bbon\u00a0\u00bb use_overlay=\u00a0\u00bbon\u00a0\u00bb overlay_icon_color=\u00a0\u00bbrgba(0,0,0,0.22)\u00a0\u00bb hover_overlay_color=\u00a0\u00bbrgba(255,255,255,0.29)\u00a0\u00bb align_tablet=\u00a0\u00bbcenter\u00a0\u00bb align_phone=\u00a0\u00bbcenter\u00a0\u00bb align_last_edited=\u00a0\u00bbon|desktop\u00a0\u00bb _builder_version=\u00a0\u00bb4.18.0&Prime; custom_margin=\u00a0\u00bb||5%||false|false\u00a0\u00bb animation_style=\u00a0\u00bbslide\u00a0\u00bb animation_direction=\u00a0\u00bbbottom\u00a0\u00bb animation_intensity_slide=\u00a0\u00bb4%\u00a0\u00bb locked=\u00a0\u00bboff\u00a0\u00bb global_colors_info=\u00a0\u00bb{}\u00a0\u00bb][\/et_pb_image][et_pb_image src=\u00a0\u00bbhttps:\/\/atelier-green-concept.fr\/wp-content\/uploads\/2025\/02\/Design-sans-titre-11.png\u00a0\u00bb title_text=\u00a0\u00bbDesign sans titre (11)\u00a0\u00bb show_in_lightbox=\u00a0\u00bbon\u00a0\u00bb use_overlay=\u00a0\u00bbon\u00a0\u00bb overlay_icon_color=\u00a0\u00bbrgba(0,0,0,0.22)\u00a0\u00bb hover_overlay_color=\u00a0\u00bbrgba(255,255,255,0.29)\u00a0\u00bb align_tablet=\u00a0\u00bbcenter\u00a0\u00bb align_phone=\u00a0\u00bbcenter\u00a0\u00bb align_last_edited=\u00a0\u00bbon|desktop\u00a0\u00bb _builder_version=\u00a0\u00bb4.18.0&Prime; custom_margin=\u00a0\u00bb||0.1%|||\u00a0\u00bb animation_style=\u00a0\u00bbslide\u00a0\u00bb animation_direction=\u00a0\u00bbbottom\u00a0\u00bb animation_intensity_slide=\u00a0\u00bb4%\u00a0\u00bb locked=\u00a0\u00bboff\u00a0\u00bb global_colors_info=\u00a0\u00bb{}\u00a0\u00bb][\/et_pb_image][\/et_pb_column][et_pb_column type=\u00a0\u00bb1_2&Prime; _builder_version=\u00a0\u00bb4.16&Prime; custom_padding=\u00a0\u00bb|||\u00a0\u00bb global_colors_info=\u00a0\u00bb{}\u00a0\u00bb custom_padding__hover=\u00a0\u00bb|||\u00a0\u00bb][et_pb_image src=\u00a0\u00bbhttps:\/\/atelier-green-concept.fr\/wp-content\/uploads\/2025\/02\/Design-sans-titre-5.png\u00a0\u00bb title_text=\u00a0\u00bbDesign sans titre (5)\u00a0\u00bb show_in_lightbox=\u00a0\u00bbon\u00a0\u00bb use_overlay=\u00a0\u00bbon\u00a0\u00bb overlay_icon_color=\u00a0\u00bbrgba(0,0,0,0.22)\u00a0\u00bb hover_overlay_color=\u00a0\u00bbrgba(255,255,255,0.29)\u00a0\u00bb align_tablet=\u00a0\u00bbcenter\u00a0\u00bb align_phone=\u00a0\u00bbcenter\u00a0\u00bb align_last_edited=\u00a0\u00bbon|desktop\u00a0\u00bb _builder_version=\u00a0\u00bb4.18.0&Prime; custom_margin=\u00a0\u00bb||5%||false|false\u00a0\u00bb animation_style=\u00a0\u00bbslide\u00a0\u00bb animation_direction=\u00a0\u00bbbottom\u00a0\u00bb animation_intensity_slide=\u00a0\u00bb4%\u00a0\u00bb locked=\u00a0\u00bboff\u00a0\u00bb global_colors_info=\u00a0\u00bb{}\u00a0\u00bb][\/et_pb_image][et_pb_image src=\u00a0\u00bbhttps:\/\/atelier-green-concept.fr\/wp-content\/uploads\/2025\/02\/Design-sans-titre-6.png\u00a0\u00bb title_text=\u00a0\u00bbDesign sans titre (6)\u00a0\u00bb show_in_lightbox=\u00a0\u00bbon\u00a0\u00bb use_overlay=\u00a0\u00bbon\u00a0\u00bb overlay_icon_color=\u00a0\u00bbrgba(0,0,0,0.22)\u00a0\u00bb hover_overlay_color=\u00a0\u00bbrgba(255,255,255,0.29)\u00a0\u00bb align_tablet=\u00a0\u00bbcenter\u00a0\u00bb align_phone=\u00a0\u00bbcenter\u00a0\u00bb align_last_edited=\u00a0\u00bbon|desktop\u00a0\u00bb _builder_version=\u00a0\u00bb4.18.0&Prime; custom_margin=\u00a0\u00bb||5%||false|false\u00a0\u00bb animation_style=\u00a0\u00bbslide\u00a0\u00bb animation_direction=\u00a0\u00bbbottom\u00a0\u00bb animation_intensity_slide=\u00a0\u00bb4%\u00a0\u00bb locked=\u00a0\u00bboff\u00a0\u00bb global_colors_info=\u00a0\u00bb{}\u00a0\u00bb][\/et_pb_image][et_pb_image src=\u00a0\u00bbhttps:\/\/atelier-green-concept.fr\/wp-content\/uploads\/2025\/02\/Design-sans-titre-8.png\u00a0\u00bb title_text=\u00a0\u00bbDesign sans titre (8)\u00a0\u00bb show_in_lightbox=\u00a0\u00bbon\u00a0\u00bb use_overlay=\u00a0\u00bbon\u00a0\u00bb overlay_icon_color=\u00a0\u00bbrgba(0,0,0,0.22)\u00a0\u00bb hover_overlay_color=\u00a0\u00bbrgba(255,255,255,0.29)\u00a0\u00bb align_tablet=\u00a0\u00bbcenter\u00a0\u00bb align_phone=\u00a0\u00bbcenter\u00a0\u00bb align_last_edited=\u00a0\u00bbon|desktop\u00a0\u00bb _builder_version=\u00a0\u00bb4.18.0&Prime; custom_margin=\u00a0\u00bb||5%||false|false\u00a0\u00bb animation_style=\u00a0\u00bbslide\u00a0\u00bb animation_direction=\u00a0\u00bbbottom\u00a0\u00bb animation_intensity_slide=\u00a0\u00bb4%\u00a0\u00bb locked=\u00a0\u00bboff\u00a0\u00bb global_colors_info=\u00a0\u00bb{}\u00a0\u00bb][\/et_pb_image][et_pb_image src=\u00a0\u00bbhttps:\/\/atelier-green-concept.fr\/wp-content\/uploads\/2025\/02\/Design-sans-titre-10.png\u00a0\u00bb title_text=\u00a0\u00bbDesign sans titre (10)\u00a0\u00bb show_in_lightbox=\u00a0\u00bbon\u00a0\u00bb use_overlay=\u00a0\u00bbon\u00a0\u00bb overlay_icon_color=\u00a0\u00bbrgba(0,0,0,0.22)\u00a0\u00bb hover_overlay_color=\u00a0\u00bbrgba(255,255,255,0.29)\u00a0\u00bb align_tablet=\u00a0\u00bbcenter\u00a0\u00bb align_phone=\u00a0\u00bbcenter\u00a0\u00bb align_last_edited=\u00a0\u00bbon|desktop\u00a0\u00bb _builder_version=\u00a0\u00bb4.18.0&Prime; custom_margin=\u00a0\u00bb||0.1%|||\u00a0\u00bb animation_style=\u00a0\u00bbslide\u00a0\u00bb animation_direction=\u00a0\u00bbbottom\u00a0\u00bb animation_intensity_slide=\u00a0\u00bb4%\u00a0\u00bb locked=\u00a0\u00bboff\u00a0\u00bb global_colors_info=\u00a0\u00bb{}\u00a0\u00bb][\/et_pb_image][\/et_pb_column][\/et_pb_row][\/et_pb_section][et_pb_section fb_built=\u00a0\u00bb1&Prime; _builder_version=\u00a0\u00bb4.18.0&Prime; _module_preset=\u00a0\u00bbdefault\u00a0\u00bb custom_margin=\u00a0\u00bb||-90px||false|false\u00a0\u00bb global_colors_info=\u00a0\u00bb{}\u00a0\u00bb][et_pb_row _builder_version=\u00a0\u00bb4.18.0&Prime; _module_preset=\u00a0\u00bbdefault\u00a0\u00bb global_colors_info=\u00a0\u00bb{}\u00a0\u00bb][et_pb_column type=\u00a0\u00bb4_4&Prime; _builder_version=\u00a0\u00bb4.18.0&Prime; _module_preset=\u00a0\u00bbdefault\u00a0\u00bb global_colors_info=\u00a0\u00bb{}\u00a0\u00bb][sb_instagram_feed feed_id=\u00a0\u00bb1&Prime; _builder_version=\u00a0\u00bb4.18.0&Prime; _module_preset=\u00a0\u00bbdefault\u00a0\u00bb custom_margin=\u00a0\u00bb-81px||||false|false\u00a0\u00bb custom_margin_tablet=\u00a0\u00bb-81px||||false|false\u00a0\u00bb custom_margin_phone=\u00a0\u00bb-81px||||false|false\u00a0\u00bb custom_margin_last_edited=\u00a0\u00bbon|desktop\u00a0\u00bb custom_padding=\u00a0\u00bb||0px||false|false\u00a0\u00bb global_colors_info=\u00a0\u00bb{}\u00a0\u00bb][\/sb_instagram_feed][\/et_pb_column][\/et_pb_row][\/et_pb_section]<\/p>\n","protected":false},"excerpt":{"rendered":"<p>L&rsquo;atelier Green ConceptSalon de coiffure v\u00e9g\u00e9tal, alternatif et \u00e9coresponsableL\u2019Atelier Green Concept, c\u2019est une rencontre respectueuse entre l\u2019environnement et la beaut\u00e9 durable. Cocon de convivialit\u00e9 et professionnalisme sont les ma\u00eetres mots de cet espace.L&rsquo;histoire de l&rsquo;Atelier Green ConceptL&rsquo;histoire de l&rsquo;Atelier Green ConceptVickie et Carole, deux s\u0153urs complices aux personnalit\u00e9s contrast\u00e9es, mais incroyablement compl\u00e9mentaires ! Forte de [&hellip;]<\/p>\n","protected":false},"author":1,"featured_media":0,"parent":0,"menu_order":0,"comment_status":"closed","ping_status":"closed","template":"","meta":{"_seopress_robots_primary_cat":"","_seopress_titles_title":"","_seopress_titles_desc":"L&#039;Atelier Green Concept, c\u2019est une rencontre respectueuse entre l\u2019environnement et la beaut\u00e9 durable.","_seopress_robots_index":"","_et_pb_use_builder":"on","_et_pb_old_content":"","_et_gb_content_width":"","om_disable_all_campaigns":false,"_monsterinsights_skip_tracking":false,"_monsterinsights_sitenote_active":false,"_monsterinsights_sitenote_note":"","_monsterinsights_sitenote_category":0,"_kadence_starter_templates_imported_post":false,"footnotes":""},"class_list":["post-1117","page","type-page","status-publish","hentry"],"_links":{"self":[{"href":"https:\/\/atelier-green-concept.fr\/index.php\/wp-json\/wp\/v2\/pages\/1117","targetHints":{"allow":["GET"]}}],"collection":[{"href":"https:\/\/atelier-green-concept.fr\/index.php\/wp-json\/wp\/v2\/pages"}],"about":[{"href":"https:\/\/atelier-green-concept.fr\/index.php\/wp-json\/wp\/v2\/types\/page"}],"author":[{"embeddable":true,"href":"https:\/\/atelier-green-concept.fr\/index.php\/wp-json\/wp\/v2\/users\/1"}],"replies":[{"embeddable":true,"href":"https:\/\/atelier-green-concept.fr\/index.php\/wp-json\/wp\/v2\/comments?post=1117"}],"version-history":[{"count":18,"href":"https:\/\/atelier-green-concept.fr\/index.php\/wp-json\/wp\/v2\/pages\/1117\/revisions"}],"predecessor-version":[{"id":1214,"href":"https:\/\/atelier-green-concept.fr\/index.php\/wp-json\/wp\/v2\/pages\/1117\/revisions\/1214"}],"wp:attachment":[{"href":"https:\/\/atelier-green-concept.fr\/index.php\/wp-json\/wp\/v2\/media?parent=1117"}],"curies":[{"name":"wp","href":"https:\/\/api.w.org\/{rel}","templated":true}]}}